{"id":484,"date":"2023-12-25T16:43:57","date_gmt":"2023-12-25T15:43:57","guid":{"rendered":"https:\/\/acha-ardres.fr\/?page_id=484"},"modified":"2025-02-20T10:09:05","modified_gmt":"2025-02-20T09:09:05","slug":"les-journees-du-patrimoine-2","status":"publish","type":"page","link":"https:\/\/acha-ardres.fr\/?page_id=484","title":{"rendered":"JEP : les affiches"},"content":{"rendered":"\t\t<div data-elementor-type=\"wp-page\" data-elementor-id=\"484\" class=\"elementor elementor-484\">\n\t\t\t\t<div class=\"elementor-element elementor-element-51d1abe e-flex e-con-boxed e-con e-parent\" data-id=\"51d1abe\" data-element_type=\"container\" data-e-type=\"container\">\n\t\t\t\t\t<div class=\"e-con-inner\">\n\t\t\t\t<div class=\"elementor-element elementor-element-27fc4ee elementor-widget elementor-widget-text-editor\" data-id=\"27fc4ee\" data-element_type=\"widget\" data-e-type=\"widget\" data-widget_type=\"text-editor.default\">\n\t\t\t\t<div class=\"elementor-widget-container\">\n\t\t\t\t\t\t\t\t\t<p>Depuis sa cr\u00e9ation en 1986, l&rsquo;ACHA a particip\u00e9 chaque ann\u00e9e, dans l&rsquo;esprit du th\u00e8me national, aux journ\u00e9es du patrimoine.<br \/>Elle a propos\u00e9 des visites du patrimoine local, des expositions, des animations ou des excursions comment\u00e9es.<\/p><p><strong>Vous trouverez ci-dessous toutes les affiches et th\u00e8mes propos\u00e9s.<\/strong><\/p>\t\t\t\t\t\t\t\t<\/div>\n\t\t\t\t<\/div>\n\t\t\t\t\t<\/div>\n\t\t\t\t<\/div>\n\t\t<div class=\"elementor-element elementor-element-0f0c782 e-flex e-con-boxed e-con e-parent\" data-id=\"0f0c782\" data-element_type=\"container\" data-e-type=\"container\">\n\t\t\t\t\t<div class=\"e-con-inner\">\n\t\t\t\t<div class=\"elementor-element elementor-element-6009cd2 elementor-widget-divider--view-line elementor-widget elementor-widget-divider\" data-id=\"6009cd2\" data-element_type=\"widget\" data-e-type=\"widget\" data-widget_type=\"divider.default\">\n\t\t\t\t<div class=\"elementor-widget-container\">\n\t\t\t\t\t\t\t<div class=\"elementor-divider\">\n\t\t\t<span class=\"elementor-divider-separator\">\n\t\t\t\t\t\t<\/span>\n\t\t<\/div>\n\t\t\t\t\t\t<\/div>\n\t\t\t\t<\/div>\n\t\t\t\t\t<\/div>\n\t\t\t\t<\/div>\n\t\t<div class=\"elementor-element elementor-element-9e9a630 e-flex e-con-boxed e-con e-parent\" data-id=\"9e9a630\" data-element_type=\"container\" data-e-type=\"container\">\n\t\t\t\t\t<div class=\"e-con-inner\">\n\t\t\t\t<div class=\"elementor-element elementor-element-e3279b9 elementor-widget elementor-widget-text-editor\" data-id=\"e3279b9\" data-element_type=\"widget\" data-e-type=\"widget\" data-widget_type=\"text-editor.default\">\n\t\t\t\t<div class=\"elementor-widget-container\">\n\t\t\t\t\t\t\t\t\t<p><span style=\"color: #ffffff;\">Pour avoir plus de d\u00e9tails concernant les journ\u00e9es du patrimoine de <strong>1987<\/strong> \u00e0 <strong>2006<\/strong>, vous pouvez visiter notre ancien site internet dans l&rsquo;onglet \u00ab\u00a0ARCHIVES\u00a0\u00bb.<\/span><\/p>\t\t\t\t\t\t\t\t<\/div>\n\t\t\t\t<\/div>\n\t\t\t\t\t<\/div>\n\t\t\t\t<\/div>\n\t\t<div class=\"elementor-element elementor-element-cff5274 e-flex e-con-boxed e-con e-parent\" data-id=\"cff5274\" data-element_type=\"container\" data-e-type=\"container\">\n\t\t\t\t\t<div class=\"e-con-inner\">\n\t\t\t\t<div class=\"elementor-element elementor-element-e74903f elementor-widget-divider--view-line elementor-widget elementor-widget-divider\" data-id=\"e74903f\" data-element_type=\"widget\" data-e-type=\"widget\" data-widget_type=\"divider.default\">\n\t\t\t\t<div class=\"elementor-widget-container\">\n\t\t\t\t\t\t\t<div class=\"elementor-divider\">\n\t\t\t<span class=\"elementor-divider-separator\">\n\t\t\t\t\t\t<\/span>\n\t\t<\/div>\n\t\t\t\t\t\t<\/div>\n\t\t\t\t<\/div>\n\t\t\t\t\t<\/div>\n\t\t\t\t<\/div>\n\t\t<div class=\"elementor-element elementor-element-321415e e-flex e-con-boxed e-con e-parent\" data-id=\"321415e\" data-element_type=\"container\" data-e-type=\"container\">\n\t\t\t\t\t<div class=\"e-con-inner\">\n\t\t\t\t<div class=\"elementor-element elementor-element-afb4254 elementor-widget elementor-widget-menu-anchor\" data-id=\"afb4254\" data-element_type=\"widget\" data-e-type=\"widget\" data-widget_type=\"menu-anchor.default\">\n\t\t\t\t<div class=\"elementor-widget-container\">\n\t\t\t\t\t\t\t<div class=\"elementor-menu-anchor\" id=\"Affiche_A\"><\/div>\n\t\t\t\t\t\t<\/div>\n\t\t\t\t<\/div>\n\t\t\t\t\t<\/div>\n\t\t\t\t<\/div>\n\t\t<div class=\"elementor-element elementor-element-e7fb30c e-con-full e-flex e-con e-parent\" data-id=\"e7fb30c\" data-element_type=\"container\" data-e-type=\"container\">\n\t\t<div class=\"elementor-element elementor-element-0229e3e e-con-full e-flex e-con e-child\" data-id=\"0229e3e\" data-element_type=\"container\" data-e-type=\"container\">\n\t\t\t\t<div class=\"elementor-element elementor-element-60b6074 elementor-widget elementor-widget-text-editor\" data-id=\"60b6074\" data-element_type=\"widget\" data-e-type=\"widget\" data-widget_type=\"text-editor.default\">\n\t\t\t\t<div class=\"elementor-widget-container\">\n\t\t\t\t\t\t\t\t\t<p>Affiches <a href=\"#Affiche_A\">1987 \u00e0 1996<\/a><\/p>\t\t\t\t\t\t\t\t<\/div>\n\t\t\t\t<\/div>\n\t\t\t\t<\/div>\n\t\t<div class=\"elementor-element elementor-element-fde58c3 e-con-full e-flex e-con e-child\" data-id=\"fde58c3\" data-element_type=\"container\" data-e-type=\"container\">\n\t\t\t\t<div class=\"elementor-element elementor-element-c5311ef elementor-widget elementor-widget-text-editor\" data-id=\"c5311ef\" data-element_type=\"widget\" data-e-type=\"widget\" data-widget_type=\"text-editor.default\">\n\t\t\t\t<div class=\"elementor-widget-container\">\n\t\t\t\t\t\t\t\t\t<p>Affiches <a href=\"#Affiche_B\">1997 \u00e0 2006<\/a><\/p>\t\t\t\t\t\t\t\t<\/div>\n\t\t\t\t<\/div>\n\t\t\t\t<\/div>\n\t\t<div class=\"elementor-element elementor-element-f1e9581 e-con-full e-flex e-con e-child\" data-id=\"f1e9581\" data-element_type=\"container\" data-e-type=\"container\">\n\t\t\t\t<div class=\"elementor-element elementor-element-f3c3b21 elementor-widget elementor-widget-text-editor\" data-id=\"f3c3b21\" data-element_type=\"widget\" data-e-type=\"widget\" data-widget_type=\"text-editor.default\">\n\t\t\t\t<div class=\"elementor-widget-container\">\n\t\t\t\t\t\t\t\t\t<p>Affiches <a href=\"#pointc\">2007 \u00e0 2016<\/a><\/p>\t\t\t\t\t\t\t\t<\/div>\n\t\t\t\t<\/div>\n\t\t\t\t<\/div>\n\t\t<div class=\"elementor-element elementor-element-b599997 e-con-full e-flex e-con e-child\" data-id=\"b599997\" data-element_type=\"container\" data-e-type=\"container\">\n\t\t\t\t<div class=\"elementor-element elementor-element-ca83ea3 elementor-widget elementor-widget-text-editor\" data-id=\"ca83ea3\" data-element_type=\"widget\" data-e-type=\"widget\" data-widget_type=\"text-editor.default\">\n\t\t\t\t<div class=\"elementor-widget-container\">\n\t\t\t\t\t\t\t\t\t<p>Affiches <a href=\"#placed\">2017 \u00e0\u00a0 2024<\/a><\/p>\t\t\t\t\t\t\t\t<\/div>\n\t\t\t\t<\/div>\n\t\t\t\t<\/div>\n\t\t\t\t<\/div>\n\t\t<div class=\"elementor-element elementor-element-f4d0cbd e-flex e-con-boxed e-con e-parent\" data-id=\"f4d0cbd\" data-element_type=\"container\" data-e-type=\"container\">\n\t\t\t\t\t<div class=\"e-con-inner\">\n\t\t\t\t<div class=\"elementor-element elementor-element-91c0662 elementor-position-left elementor-vertical-align-middle elementor-widget elementor-widget-image-box\" data-id=\"91c0662\" data-element_type=\"widget\" data-e-type=\"widget\" data-widget_type=\"image-box.default\">\n\t\t\t\t<div class=\"elementor-widget-container\">\n\t\t\t\t\t<div class=\"elementor-image-box-wrapper\"><figure class=\"elementor-image-box-img\"><img fetchpriority=\"high\" decoding=\"async\" width=\"400\" height=\"566\" src=\"https:\/\/acha-ardres.fr\/wp-content\/uploads\/2023\/12\/1987.jpg\" class=\"attachment-full size-full wp-image-590\" alt=\"\" srcset=\"https:\/\/acha-ardres.fr\/wp-content\/uploads\/2023\/12\/1987.jpg 400w, https:\/\/acha-ardres.fr\/wp-content\/uploads\/2023\/12\/1987-212x300.jpg 212w, https:\/\/acha-ardres.fr\/wp-content\/uploads\/2023\/12\/1987-106x150.jpg 106w\" sizes=\"(max-width: 400px) 100vw, 400px\" \/><\/figure><div class=\"elementor-image-box-content\"><h5 class=\"elementor-image-box-title\">Affiche des journ\u00e9es du patrimoine 1987<\/h5><p class=\"elementor-image-box-description\">Th\u00e8me de cette premi\u00e8re participation :\nLes Chapelles de l'Ardr\u00e9sis.<\/p><\/div><\/div>\t\t\t\t<\/div>\n\t\t\t\t<\/div>\n\t\t\t\t\t<\/div>\n\t\t\t\t<\/div>\n\t\t<div class=\"elementor-element elementor-element-da993a3 e-flex e-con-boxed e-con e-parent\" data-id=\"da993a3\" data-element_type=\"container\" data-e-type=\"container\">\n\t\t\t\t\t<div class=\"e-con-inner\">\n\t\t\t\t<div class=\"elementor-element elementor-element-6d1dfa2 elementor-position-right elementor-vertical-align-middle elementor-widget elementor-widget-image-box\" data-id=\"6d1dfa2\" data-element_type=\"widget\" data-e-type=\"widget\" data-widget_type=\"image-box.default\">\n\t\t\t\t<div class=\"elementor-widget-container\">\n\t\t\t\t\t<div class=\"elementor-image-box-wrapper\"><figure class=\"elementor-image-box-img\"><img decoding=\"async\" width=\"400\" height=\"566\" src=\"https:\/\/acha-ardres.fr\/wp-content\/uploads\/2023\/12\/1988.jpg\" class=\"attachment-full size-full wp-image-598\" alt=\"\" srcset=\"https:\/\/acha-ardres.fr\/wp-content\/uploads\/2023\/12\/1988.jpg 400w, https:\/\/acha-ardres.fr\/wp-content\/uploads\/2023\/12\/1988-212x300.jpg 212w, https:\/\/acha-ardres.fr\/wp-content\/uploads\/2023\/12\/1988-106x150.jpg 106w\" sizes=\"(max-width: 400px) 100vw, 400px\" \/><\/figure><div class=\"elementor-image-box-content\"><h5 class=\"elementor-image-box-title\">Affiche des journ\u00e9es du patrimoine 1988<\/h5><p class=\"elementor-image-box-description\">Th\u00e8me : le lac d'Ardres et les marais du calaisis.<\/p><\/div><\/div>\t\t\t\t<\/div>\n\t\t\t\t<\/div>\n\t\t\t\t\t<\/div>\n\t\t\t\t<\/div>\n\t\t<div class=\"elementor-element elementor-element-61f4425 e-flex e-con-boxed e-con e-parent\" data-id=\"61f4425\" data-element_type=\"container\" data-e-type=\"container\">\n\t\t\t\t\t<div class=\"e-con-inner\">\n\t\t\t\t<div class=\"elementor-element elementor-element-6515827 elementor-position-left elementor-vertical-align-middle elementor-widget elementor-widget-image-box\" data-id=\"6515827\" data-element_type=\"widget\" data-e-type=\"widget\" data-widget_type=\"image-box.default\">\n\t\t\t\t<div class=\"elementor-widget-container\">\n\t\t\t\t\t<div class=\"elementor-image-box-wrapper\"><figure class=\"elementor-image-box-img\"><img decoding=\"async\" width=\"400\" height=\"566\" src=\"https:\/\/acha-ardres.fr\/wp-content\/uploads\/2023\/12\/1989.jpg\" class=\"attachment-full size-full wp-image-605\" alt=\"\" srcset=\"https:\/\/acha-ardres.fr\/wp-content\/uploads\/2023\/12\/1989.jpg 400w, https:\/\/acha-ardres.fr\/wp-content\/uploads\/2023\/12\/1989-212x300.jpg 212w, https:\/\/acha-ardres.fr\/wp-content\/uploads\/2023\/12\/1989-106x150.jpg 106w\" sizes=\"(max-width: 400px) 100vw, 400px\" \/><\/figure><div class=\"elementor-image-box-content\"><h5 class=\"elementor-image-box-title\">Affiche des journ\u00e9es du patrimoine 1989<\/h5><p class=\"elementor-image-box-description\">Th\u00e8me : l'Ardr\u00e9sis en r\u00e9volution.<\/p><\/div><\/div>\t\t\t\t<\/div>\n\t\t\t\t<\/div>\n\t\t\t\t\t<\/div>\n\t\t\t\t<\/div>\n\t\t<div class=\"elementor-element elementor-element-c596bfa e-flex e-con-boxed e-con e-parent\" data-id=\"c596bfa\" data-element_type=\"container\" data-e-type=\"container\">\n\t\t\t\t\t<div class=\"e-con-inner\">\n\t\t\t\t<div class=\"elementor-element elementor-element-886e23b elementor-position-right elementor-vertical-align-middle elementor-widget elementor-widget-image-box\" data-id=\"886e23b\" data-element_type=\"widget\" data-e-type=\"widget\" data-widget_type=\"image-box.default\">\n\t\t\t\t<div class=\"elementor-widget-container\">\n\t\t\t\t\t<div class=\"elementor-image-box-wrapper\"><figure class=\"elementor-image-box-img\"><img loading=\"lazy\" decoding=\"async\" width=\"400\" height=\"566\" src=\"https:\/\/acha-ardres.fr\/wp-content\/uploads\/2023\/12\/1990.jpg\" class=\"attachment-full size-full wp-image-612\" alt=\"\" srcset=\"https:\/\/acha-ardres.fr\/wp-content\/uploads\/2023\/12\/1990.jpg 400w, https:\/\/acha-ardres.fr\/wp-content\/uploads\/2023\/12\/1990-212x300.jpg 212w, https:\/\/acha-ardres.fr\/wp-content\/uploads\/2023\/12\/1990-106x150.jpg 106w\" sizes=\"(max-width: 400px) 100vw, 400px\" \/><\/figure><div class=\"elementor-image-box-content\"><h5 class=\"elementor-image-box-title\">Affiche des journ\u00e9es du patrimoine 1990<\/h5><p class=\"elementor-image-box-description\">Th\u00e8me : Ardres Place forte<\/p><\/div><\/div>\t\t\t\t<\/div>\n\t\t\t\t<\/div>\n\t\t\t\t\t<\/div>\n\t\t\t\t<\/div>\n\t\t<div class=\"elementor-element elementor-element-9c93f52 e-flex e-con-boxed e-con e-parent\" data-id=\"9c93f52\" data-element_type=\"container\" data-e-type=\"container\">\n\t\t\t\t\t<div class=\"e-con-inner\">\n\t\t\t\t<div class=\"elementor-element elementor-element-864ed6c elementor-position-left elementor-vertical-align-middle elementor-widget elementor-widget-image-box\" data-id=\"864ed6c\" data-element_type=\"widget\" data-e-type=\"widget\" data-widget_type=\"image-box.default\">\n\t\t\t\t<div class=\"elementor-widget-container\">\n\t\t\t\t\t<div class=\"elementor-image-box-wrapper\"><figure class=\"elementor-image-box-img\"><img loading=\"lazy\" decoding=\"async\" width=\"400\" height=\"566\" src=\"https:\/\/acha-ardres.fr\/wp-content\/uploads\/2023\/12\/1991.jpg\" class=\"attachment-full size-full wp-image-616\" alt=\"\" srcset=\"https:\/\/acha-ardres.fr\/wp-content\/uploads\/2023\/12\/1991.jpg 400w, https:\/\/acha-ardres.fr\/wp-content\/uploads\/2023\/12\/1991-212x300.jpg 212w, https:\/\/acha-ardres.fr\/wp-content\/uploads\/2023\/12\/1991-106x150.jpg 106w\" sizes=\"(max-width: 400px) 100vw, 400px\" \/><\/figure><div class=\"elementor-image-box-content\"><h5 class=\"elementor-image-box-title\">Affiche des journ\u00e9es du patrimoine 1991<\/h5><p class=\"elementor-image-box-description\">Th\u00e8me : Les colombiers<\/p><\/div><\/div>\t\t\t\t<\/div>\n\t\t\t\t<\/div>\n\t\t\t\t\t<\/div>\n\t\t\t\t<\/div>\n\t\t<div class=\"elementor-element elementor-element-7eb53b7 e-flex e-con-boxed e-con e-parent\" data-id=\"7eb53b7\" data-element_type=\"container\" data-e-type=\"container\">\n\t\t\t\t\t<div class=\"e-con-inner\">\n\t\t\t\t<div class=\"elementor-element elementor-element-48cac7d elementor-position-right elementor-vertical-align-middle elementor-widget elementor-widget-image-box\" data-id=\"48cac7d\" data-element_type=\"widget\" data-e-type=\"widget\" data-widget_type=\"image-box.default\">\n\t\t\t\t<div class=\"elementor-widget-container\">\n\t\t\t\t\t<div class=\"elementor-image-box-wrapper\"><figure class=\"elementor-image-box-img\"><img loading=\"lazy\" decoding=\"async\" width=\"400\" height=\"566\" src=\"https:\/\/acha-ardres.fr\/wp-content\/uploads\/2023\/12\/1992.jpg\" class=\"attachment-full size-full wp-image-620\" alt=\"\" srcset=\"https:\/\/acha-ardres.fr\/wp-content\/uploads\/2023\/12\/1992.jpg 400w, https:\/\/acha-ardres.fr\/wp-content\/uploads\/2023\/12\/1992-212x300.jpg 212w, https:\/\/acha-ardres.fr\/wp-content\/uploads\/2023\/12\/1992-106x150.jpg 106w\" sizes=\"(max-width: 400px) 100vw, 400px\" \/><\/figure><div class=\"elementor-image-box-content\"><h5 class=\"elementor-image-box-title\">Affiche des journ\u00e9es du patrimoine 1992<\/h5><p class=\"elementor-image-box-description\">Th\u00e8me : Les Carmes<\/p><\/div><\/div>\t\t\t\t<\/div>\n\t\t\t\t<\/div>\n\t\t\t\t\t<\/div>\n\t\t\t\t<\/div>\n\t\t<div class=\"elementor-element elementor-element-35ef2d5 e-flex e-con-boxed e-con e-parent\" data-id=\"35ef2d5\" data-element_type=\"container\" data-e-type=\"container\">\n\t\t\t\t\t<div class=\"e-con-inner\">\n\t\t\t\t<div class=\"elementor-element elementor-element-9b47791 elementor-position-left elementor-vertical-align-middle elementor-widget elementor-widget-image-box\" data-id=\"9b47791\" data-element_type=\"widget\" data-e-type=\"widget\" data-widget_type=\"image-box.default\">\n\t\t\t\t<div class=\"elementor-widget-container\">\n\t\t\t\t\t<div class=\"elementor-image-box-wrapper\"><figure class=\"elementor-image-box-img\"><img loading=\"lazy\" decoding=\"async\" width=\"400\" height=\"566\" src=\"https:\/\/acha-ardres.fr\/wp-content\/uploads\/2023\/12\/1993.jpg\" class=\"attachment-full size-full wp-image-624\" alt=\"\" srcset=\"https:\/\/acha-ardres.fr\/wp-content\/uploads\/2023\/12\/1993.jpg 400w, https:\/\/acha-ardres.fr\/wp-content\/uploads\/2023\/12\/1993-212x300.jpg 212w, https:\/\/acha-ardres.fr\/wp-content\/uploads\/2023\/12\/1993-106x150.jpg 106w\" sizes=\"(max-width: 400px) 100vw, 400px\" \/><\/figure><div class=\"elementor-image-box-content\"><h3 class=\"elementor-image-box-title\">Affiche des journ\u00e9es du patrimoine 1993<\/h3><p class=\"elementor-image-box-description\">Th\u00e8me : Les moulins de l'Ardr\u00e9sis<\/p><\/div><\/div>\t\t\t\t<\/div>\n\t\t\t\t<\/div>\n\t\t\t\t\t<\/div>\n\t\t\t\t<\/div>\n\t\t<div class=\"elementor-element elementor-element-1ffb074 e-flex e-con-boxed e-con e-parent\" data-id=\"1ffb074\" data-element_type=\"container\" data-e-type=\"container\">\n\t\t\t\t\t<div class=\"e-con-inner\">\n\t\t\t\t<div class=\"elementor-element elementor-element-f789731 elementor-position-right elementor-vertical-align-middle elementor-widget elementor-widget-image-box\" data-id=\"f789731\" data-element_type=\"widget\" data-e-type=\"widget\" data-widget_type=\"image-box.default\">\n\t\t\t\t<div class=\"elementor-widget-container\">\n\t\t\t\t\t<div class=\"elementor-image-box-wrapper\"><figure class=\"elementor-image-box-img\"><img loading=\"lazy\" decoding=\"async\" width=\"400\" height=\"566\" src=\"https:\/\/acha-ardres.fr\/wp-content\/uploads\/2023\/12\/1994.jpg\" class=\"attachment-full size-full wp-image-628\" alt=\"\" srcset=\"https:\/\/acha-ardres.fr\/wp-content\/uploads\/2023\/12\/1994.jpg 400w, https:\/\/acha-ardres.fr\/wp-content\/uploads\/2023\/12\/1994-212x300.jpg 212w, https:\/\/acha-ardres.fr\/wp-content\/uploads\/2023\/12\/1994-106x150.jpg 106w\" sizes=\"(max-width: 400px) 100vw, 400px\" \/><\/figure><div class=\"elementor-image-box-content\"><h5 class=\"elementor-image-box-title\">Affiche des journ\u00e9es du patrimoine 1994<\/h5><p class=\"elementor-image-box-description\">Th\u00e8mes : Inauguration de la chapelle des Carmes.\nPr\u00e9figuration du mus\u00e9e d'Ardres<\/p><\/div><\/div>\t\t\t\t<\/div>\n\t\t\t\t<\/div>\n\t\t\t\t\t<\/div>\n\t\t\t\t<\/div>\n\t\t<div class=\"elementor-element elementor-element-499e62d e-flex e-con-boxed e-con e-parent\" data-id=\"499e62d\" data-element_type=\"container\" data-e-type=\"container\">\n\t\t\t\t\t<div class=\"e-con-inner\">\n\t\t\t\t<div class=\"elementor-element elementor-element-90ab2b7 elementor-position-left elementor-vertical-align-middle elementor-widget elementor-widget-image-box\" data-id=\"90ab2b7\" data-element_type=\"widget\" data-e-type=\"widget\" data-widget_type=\"image-box.default\">\n\t\t\t\t<div class=\"elementor-widget-container\">\n\t\t\t\t\t<div class=\"elementor-image-box-wrapper\"><figure class=\"elementor-image-box-img\"><img loading=\"lazy\" decoding=\"async\" width=\"400\" height=\"566\" src=\"https:\/\/acha-ardres.fr\/wp-content\/uploads\/2023\/12\/1995.jpg\" class=\"attachment-full size-full wp-image-635\" alt=\"\" srcset=\"https:\/\/acha-ardres.fr\/wp-content\/uploads\/2023\/12\/1995.jpg 400w, https:\/\/acha-ardres.fr\/wp-content\/uploads\/2023\/12\/1995-212x300.jpg 212w, https:\/\/acha-ardres.fr\/wp-content\/uploads\/2023\/12\/1995-106x150.jpg 106w\" sizes=\"(max-width: 400px) 100vw, 400px\" \/><\/figure><div class=\"elementor-image-box-content\"><h5 class=\"elementor-image-box-title\">Affiche des journ\u00e9es du patrimoine 1995<\/h5><p class=\"elementor-image-box-description\">Th\u00e8me : Ardres au 16\u00b0 si\u00e8cle.<\/p><\/div><\/div>\t\t\t\t<\/div>\n\t\t\t\t<\/div>\n\t\t\t\t\t<\/div>\n\t\t\t\t<\/div>\n\t\t<div class=\"elementor-element elementor-element-0262ca8 e-flex e-con-boxed e-con e-parent\" data-id=\"0262ca8\" data-element_type=\"container\" data-e-type=\"container\">\n\t\t\t\t\t<div class=\"e-con-inner\">\n\t\t\t\t<div class=\"elementor-element elementor-element-c40a1ca elementor-position-right elementor-vertical-align-middle elementor-widget elementor-widget-image-box\" data-id=\"c40a1ca\" data-element_type=\"widget\" data-e-type=\"widget\" data-widget_type=\"image-box.default\">\n\t\t\t\t<div class=\"elementor-widget-container\">\n\t\t\t\t\t<div class=\"elementor-image-box-wrapper\"><figure class=\"elementor-image-box-img\"><img loading=\"lazy\" decoding=\"async\" width=\"400\" height=\"566\" src=\"https:\/\/acha-ardres.fr\/wp-content\/uploads\/2023\/12\/1996.jpg\" class=\"attachment-full size-full wp-image-639\" alt=\"\" srcset=\"https:\/\/acha-ardres.fr\/wp-content\/uploads\/2023\/12\/1996.jpg 400w, https:\/\/acha-ardres.fr\/wp-content\/uploads\/2023\/12\/1996-212x300.jpg 212w, https:\/\/acha-ardres.fr\/wp-content\/uploads\/2023\/12\/1996-106x150.jpg 106w\" sizes=\"(max-width: 400px) 100vw, 400px\" \/><\/figure><div class=\"elementor-image-box-content\"><h5 class=\"elementor-image-box-title\">Affiche des journ\u00e9es du patrimoine 1996<\/h5><p class=\"elementor-image-box-description\">Th\u00e8me : L'industrialisation du canton d'Ardres (1802 - 1914)<\/p><\/div><\/div>\t\t\t\t<\/div>\n\t\t\t\t<\/div>\n\t\t\t\t\t<\/div>\n\t\t\t\t<\/div>\n\t\t<div class=\"elementor-element elementor-element-f6b9543 e-flex e-con-boxed e-con e-parent\" data-id=\"f6b9543\" data-element_type=\"container\" data-e-type=\"container\">\n\t\t\t\t\t<div class=\"e-con-inner\">\n\t\t\t\t<div class=\"elementor-element elementor-element-c45b001 elementor-widget-divider--view-line elementor-widget elementor-widget-divider\" data-id=\"c45b001\" data-element_type=\"widget\" data-e-type=\"widget\" data-widget_type=\"divider.default\">\n\t\t\t\t<div class=\"elementor-widget-container\">\n\t\t\t\t\t\t\t<div class=\"elementor-divider\">\n\t\t\t<span class=\"elementor-divider-separator\">\n\t\t\t\t\t\t<\/span>\n\t\t<\/div>\n\t\t\t\t\t\t<\/div>\n\t\t\t\t<\/div>\n\t\t\t\t\t<\/div>\n\t\t\t\t<\/div>\n\t\t<div class=\"elementor-element elementor-element-e9441d0 e-flex e-con-boxed e-con e-parent\" data-id=\"e9441d0\" data-element_type=\"container\" data-e-type=\"container\">\n\t\t\t\t\t<div class=\"e-con-inner\">\n\t\t\t\t<div class=\"elementor-element elementor-element-b41711c elementor-widget elementor-widget-text-editor\" data-id=\"b41711c\" data-element_type=\"widget\" data-e-type=\"widget\" data-widget_type=\"text-editor.default\">\n\t\t\t\t<div class=\"elementor-widget-container\">\n\t\t\t\t\t\t\t\t\t<p><span style=\"color: #ffffff;\">Pour avoir plus de d\u00e9tails concernant les journ\u00e9es du patrimoine de <strong>1987<\/strong> \u00e0 <strong>2006<\/strong>, vous pouvez visiter notre ancien site internet dans l&rsquo;onglet \u00ab\u00a0ARCHIVES\u00a0\u00bb.<\/span><\/p>\t\t\t\t\t\t\t\t<\/div>\n\t\t\t\t<\/div>\n\t\t\t\t\t<\/div>\n\t\t\t\t<\/div>\n\t\t<div class=\"elementor-element elementor-element-a2a4a2b e-flex e-con-boxed e-con e-parent\" data-id=\"a2a4a2b\" data-element_type=\"container\" data-e-type=\"container\">\n\t\t\t\t\t<div class=\"e-con-inner\">\n\t\t\t\t<div class=\"elementor-element elementor-element-427c46b elementor-widget-divider--view-line elementor-widget elementor-widget-divider\" data-id=\"427c46b\" data-element_type=\"widget\" data-e-type=\"widget\" data-widget_type=\"divider.default\">\n\t\t\t\t<div class=\"elementor-widget-container\">\n\t\t\t\t\t\t\t<div class=\"elementor-divider\">\n\t\t\t<span class=\"elementor-divider-separator\">\n\t\t\t\t\t\t<\/span>\n\t\t<\/div>\n\t\t\t\t\t\t<\/div>\n\t\t\t\t<\/div>\n\t\t\t\t\t<\/div>\n\t\t\t\t<\/div>\n\t\t<div class=\"elementor-element elementor-element-39e3e3a e-flex e-con-boxed e-con e-parent\" data-id=\"39e3e3a\" data-element_type=\"container\" data-e-type=\"container\">\n\t\t\t\t\t<div class=\"e-con-inner\">\n\t\t\t\t<div class=\"elementor-element elementor-element-6900bc2 elementor-widget elementor-widget-menu-anchor\" data-id=\"6900bc2\" data-element_type=\"widget\" data-e-type=\"widget\" data-widget_type=\"menu-anchor.default\">\n\t\t\t\t<div class=\"elementor-widget-container\">\n\t\t\t\t\t\t\t<div class=\"elementor-menu-anchor\" id=\"Affiche_B\"><\/div>\n\t\t\t\t\t\t<\/div>\n\t\t\t\t<\/div>\n\t\t\t\t\t<\/div>\n\t\t\t\t<\/div>\n\t\t<div class=\"elementor-element elementor-element-25bbb98 e-con-full e-flex e-con e-parent\" data-id=\"25bbb98\" data-element_type=\"container\" data-e-type=\"container\">\n\t\t<div class=\"elementor-element elementor-element-7b8624b e-con-full e-flex e-con e-child\" data-id=\"7b8624b\" data-element_type=\"container\" data-e-type=\"container\">\n\t\t\t\t<div class=\"elementor-element elementor-element-930fbf9 elementor-widget elementor-widget-text-editor\" data-id=\"930fbf9\" data-element_type=\"widget\" data-e-type=\"widget\" data-widget_type=\"text-editor.default\">\n\t\t\t\t<div class=\"elementor-widget-container\">\n\t\t\t\t\t\t\t\t\t<p>Affiches <a href=\"#Affiche_A\">1987 \u00e0 1996<\/a><\/p>\t\t\t\t\t\t\t\t<\/div>\n\t\t\t\t<\/div>\n\t\t\t\t<\/div>\n\t\t<div class=\"elementor-element elementor-element-8ed696c e-con-full e-flex e-con e-child\" data-id=\"8ed696c\" data-element_type=\"container\" data-e-type=\"container\">\n\t\t\t\t<div class=\"elementor-element elementor-element-9326e71 elementor-widget elementor-widget-text-editor\" data-id=\"9326e71\" data-element_type=\"widget\" data-e-type=\"widget\" data-widget_type=\"text-editor.default\">\n\t\t\t\t<div class=\"elementor-widget-container\">\n\t\t\t\t\t\t\t\t\t<p>Affiches <a href=\"#Affiche_B\">1997 \u00e0 2006<\/a><\/p>\t\t\t\t\t\t\t\t<\/div>\n\t\t\t\t<\/div>\n\t\t\t\t<\/div>\n\t\t<div class=\"elementor-element elementor-element-dbbe598 e-con-full e-flex e-con e-child\" data-id=\"dbbe598\" data-element_type=\"container\" data-e-type=\"container\">\n\t\t\t\t<div class=\"elementor-element elementor-element-df000d2 elementor-widget elementor-widget-text-editor\" data-id=\"df000d2\" data-element_type=\"widget\" data-e-type=\"widget\" data-widget_type=\"text-editor.default\">\n\t\t\t\t<div class=\"elementor-widget-container\">\n\t\t\t\t\t\t\t\t\t<p>Affiches <a href=\"#pointc\">2007 \u00e0 2016<\/a><\/p>\t\t\t\t\t\t\t\t<\/div>\n\t\t\t\t<\/div>\n\t\t\t\t<\/div>\n\t\t<div class=\"elementor-element elementor-element-79c354f e-con-full e-flex e-con e-child\" data-id=\"79c354f\" data-element_type=\"container\" data-e-type=\"container\">\n\t\t\t\t<div class=\"elementor-element elementor-element-01009f4 elementor-widget elementor-widget-text-editor\" data-id=\"01009f4\" data-element_type=\"widget\" data-e-type=\"widget\" data-widget_type=\"text-editor.default\">\n\t\t\t\t<div class=\"elementor-widget-container\">\n\t\t\t\t\t\t\t\t\t<p>Affiches <a href=\"#placed\">2017 \u00e0\u00a0 2024<\/a><\/p>\t\t\t\t\t\t\t\t<\/div>\n\t\t\t\t<\/div>\n\t\t\t\t<\/div>\n\t\t\t\t<\/div>\n\t\t<div class=\"elementor-element elementor-element-9d5f589 e-flex e-con-boxed e-con e-parent\" data-id=\"9d5f589\" data-element_type=\"container\" data-e-type=\"container\">\n\t\t\t\t\t<div class=\"e-con-inner\">\n\t\t\t\t<div class=\"elementor-element elementor-element-7d4075c elementor-position-left elementor-vertical-align-middle elementor-widget elementor-widget-image-box\" data-id=\"7d4075c\" data-element_type=\"widget\" data-e-type=\"widget\" data-widget_type=\"image-box.default\">\n\t\t\t\t<div class=\"elementor-widget-container\">\n\t\t\t\t\t<div class=\"elementor-image-box-wrapper\"><figure class=\"elementor-image-box-img\"><img loading=\"lazy\" decoding=\"async\" width=\"400\" height=\"566\" src=\"https:\/\/acha-ardres.fr\/wp-content\/uploads\/2023\/12\/1997.jpg\" class=\"attachment-full size-full wp-image-643\" alt=\"\" srcset=\"https:\/\/acha-ardres.fr\/wp-content\/uploads\/2023\/12\/1997.jpg 400w, https:\/\/acha-ardres.fr\/wp-content\/uploads\/2023\/12\/1997-212x300.jpg 212w, https:\/\/acha-ardres.fr\/wp-content\/uploads\/2023\/12\/1997-106x150.jpg 106w\" sizes=\"(max-width: 400px) 100vw, 400px\" \/><\/figure><div class=\"elementor-image-box-content\"><h5 class=\"elementor-image-box-title\">Affiche des journ\u00e9es du patrimoine 1997<\/h5><p class=\"elementor-image-box-description\">Th\u00e8me : l'Artois, jeux et f\u00eates.<\/p><\/div><\/div>\t\t\t\t<\/div>\n\t\t\t\t<\/div>\n\t\t\t\t\t<\/div>\n\t\t\t\t<\/div>\n\t\t<div class=\"elementor-element elementor-element-06ee367 e-flex e-con-boxed e-con e-parent\" data-id=\"06ee367\" data-element_type=\"container\" data-e-type=\"container\">\n\t\t\t\t\t<div class=\"e-con-inner\">\n\t\t\t\t<div class=\"elementor-element elementor-element-5e97bc8 elementor-position-right elementor-vertical-align-middle elementor-widget elementor-widget-image-box\" data-id=\"5e97bc8\" data-element_type=\"widget\" data-e-type=\"widget\" data-widget_type=\"image-box.default\">\n\t\t\t\t<div class=\"elementor-widget-container\">\n\t\t\t\t\t<div class=\"elementor-image-box-wrapper\"><figure class=\"elementor-image-box-img\"><img loading=\"lazy\" decoding=\"async\" width=\"400\" height=\"566\" src=\"https:\/\/acha-ardres.fr\/wp-content\/uploads\/2023\/12\/1998.jpg\" class=\"attachment-full size-full wp-image-647\" alt=\"\" srcset=\"https:\/\/acha-ardres.fr\/wp-content\/uploads\/2023\/12\/1998.jpg 400w, https:\/\/acha-ardres.fr\/wp-content\/uploads\/2023\/12\/1998-212x300.jpg 212w, https:\/\/acha-ardres.fr\/wp-content\/uploads\/2023\/12\/1998-106x150.jpg 106w\" sizes=\"(max-width: 400px) 100vw, 400px\" \/><\/figure><div class=\"elementor-image-box-content\"><h5 class=\"elementor-image-box-title\">Affiche des journ\u00e9es du patrimoine 1998<\/h5><p class=\"elementor-image-box-description\">Th\u00e8me : L'eau, m\u00e9tiers et savoir-faire<\/p><\/div><\/div>\t\t\t\t<\/div>\n\t\t\t\t<\/div>\n\t\t\t\t\t<\/div>\n\t\t\t\t<\/div>\n\t\t<div class=\"elementor-element elementor-element-d1e00ec e-flex e-con-boxed e-con e-parent\" data-id=\"d1e00ec\" data-element_type=\"container\" data-e-type=\"container\">\n\t\t\t\t\t<div class=\"e-con-inner\">\n\t\t\t\t<div class=\"elementor-element elementor-element-9761b0a elementor-position-left elementor-vertical-align-middle elementor-widget elementor-widget-image-box\" data-id=\"9761b0a\" data-element_type=\"widget\" data-e-type=\"widget\" data-widget_type=\"image-box.default\">\n\t\t\t\t<div class=\"elementor-widget-container\">\n\t\t\t\t\t<div class=\"elementor-image-box-wrapper\"><figure class=\"elementor-image-box-img\"><img loading=\"lazy\" decoding=\"async\" width=\"400\" height=\"566\" src=\"https:\/\/acha-ardres.fr\/wp-content\/uploads\/2023\/12\/1999.jpg\" class=\"attachment-full size-full wp-image-651\" alt=\"\" srcset=\"https:\/\/acha-ardres.fr\/wp-content\/uploads\/2023\/12\/1999.jpg 400w, https:\/\/acha-ardres.fr\/wp-content\/uploads\/2023\/12\/1999-212x300.jpg 212w, https:\/\/acha-ardres.fr\/wp-content\/uploads\/2023\/12\/1999-106x150.jpg 106w\" sizes=\"(max-width: 400px) 100vw, 400px\" \/><\/figure><div class=\"elementor-image-box-content\"><h5 class=\"elementor-image-box-title\">Affiche des journ\u00e9es du patrimoine 1999<\/h5><p class=\"elementor-image-box-description\">Th\u00e8me : La vall\u00e9e de la Hem<\/p><\/div><\/div>\t\t\t\t<\/div>\n\t\t\t\t<\/div>\n\t\t\t\t\t<\/div>\n\t\t\t\t<\/div>\n\t\t<div class=\"elementor-element elementor-element-310d2d1 e-flex e-con-boxed e-con e-parent\" data-id=\"310d2d1\" data-element_type=\"container\" data-e-type=\"container\">\n\t\t\t\t\t<div class=\"e-con-inner\">\n\t\t\t\t<div class=\"elementor-element elementor-element-b3834d2 elementor-position-right elementor-vertical-align-middle elementor-widget elementor-widget-image-box\" data-id=\"b3834d2\" data-element_type=\"widget\" data-e-type=\"widget\" data-widget_type=\"image-box.default\">\n\t\t\t\t<div class=\"elementor-widget-container\">\n\t\t\t\t\t<div class=\"elementor-image-box-wrapper\"><figure class=\"elementor-image-box-img\"><img loading=\"lazy\" decoding=\"async\" width=\"400\" height=\"566\" src=\"https:\/\/acha-ardres.fr\/wp-content\/uploads\/2023\/12\/2000.jpg\" class=\"attachment-full size-full wp-image-655\" alt=\"\" srcset=\"https:\/\/acha-ardres.fr\/wp-content\/uploads\/2023\/12\/2000.jpg 400w, https:\/\/acha-ardres.fr\/wp-content\/uploads\/2023\/12\/2000-212x300.jpg 212w, https:\/\/acha-ardres.fr\/wp-content\/uploads\/2023\/12\/2000-106x150.jpg 106w\" sizes=\"(max-width: 400px) 100vw, 400px\" \/><\/figure><div class=\"elementor-image-box-content\"><h5 class=\"elementor-image-box-title\">Affiche des journ\u00e9es du patrimoine 2000<\/h5><p class=\"elementor-image-box-description\">Th\u00e8me : Les Orgues\n<br>\nAffiche Alexandre Lecomte<\/p><\/div><\/div>\t\t\t\t<\/div>\n\t\t\t\t<\/div>\n\t\t\t\t\t<\/div>\n\t\t\t\t<\/div>\n\t\t<div class=\"elementor-element elementor-element-7d762ce e-flex e-con-boxed e-con e-parent\" data-id=\"7d762ce\" data-element_type=\"container\" data-e-type=\"container\">\n\t\t\t\t\t<div class=\"e-con-inner\">\n\t\t\t\t<div class=\"elementor-element elementor-element-53a2fe1 elementor-position-left elementor-vertical-align-middle elementor-widget elementor-widget-image-box\" data-id=\"53a2fe1\" data-element_type=\"widget\" data-e-type=\"widget\" data-widget_type=\"image-box.default\">\n\t\t\t\t<div class=\"elementor-widget-container\">\n\t\t\t\t\t<div class=\"elementor-image-box-wrapper\"><figure class=\"elementor-image-box-img\"><img loading=\"lazy\" decoding=\"async\" width=\"400\" height=\"566\" src=\"https:\/\/acha-ardres.fr\/wp-content\/uploads\/2023\/12\/2001.jpg\" class=\"attachment-full size-full wp-image-659\" alt=\"\" srcset=\"https:\/\/acha-ardres.fr\/wp-content\/uploads\/2023\/12\/2001.jpg 400w, https:\/\/acha-ardres.fr\/wp-content\/uploads\/2023\/12\/2001-212x300.jpg 212w, https:\/\/acha-ardres.fr\/wp-content\/uploads\/2023\/12\/2001-106x150.jpg 106w\" sizes=\"(max-width: 400px) 100vw, 400px\" \/><\/figure><div class=\"elementor-image-box-content\"><h5 class=\"elementor-image-box-title\">Affiche des journ\u00e9es du patrimoine 2001<\/h5><p class=\"elementor-image-box-description\">Les journ\u00e9es du patrimoine ont \u00e9t\u00e9 annul\u00e9es \u00e0 cause du plan Vigipirate. Le th\u00e8me \"Demeures et Chateaux\" est report\u00e9 \u00e0 l'ann\u00e9e suivante.<\/p><\/div><\/div>\t\t\t\t<\/div>\n\t\t\t\t<\/div>\n\t\t\t\t\t<\/div>\n\t\t\t\t<\/div>\n\t\t<div class=\"elementor-element elementor-element-1d3b631 e-flex e-con-boxed e-con e-parent\" data-id=\"1d3b631\" data-element_type=\"container\" data-e-type=\"container\">\n\t\t\t\t\t<div class=\"e-con-inner\">\n\t\t\t\t<div class=\"elementor-element elementor-element-5bbda01 elementor-position-right elementor-vertical-align-middle elementor-widget elementor-widget-image-box\" data-id=\"5bbda01\" data-element_type=\"widget\" data-e-type=\"widget\" data-widget_type=\"image-box.default\">\n\t\t\t\t<div class=\"elementor-widget-container\">\n\t\t\t\t\t<div class=\"elementor-image-box-wrapper\"><figure class=\"elementor-image-box-img\"><img loading=\"lazy\" decoding=\"async\" width=\"400\" height=\"566\" src=\"https:\/\/acha-ardres.fr\/wp-content\/uploads\/2023\/12\/2002.jpg\" class=\"attachment-full size-full wp-image-667\" alt=\"\" srcset=\"https:\/\/acha-ardres.fr\/wp-content\/uploads\/2023\/12\/2002.jpg 400w, https:\/\/acha-ardres.fr\/wp-content\/uploads\/2023\/12\/2002-212x300.jpg 212w, https:\/\/acha-ardres.fr\/wp-content\/uploads\/2023\/12\/2002-106x150.jpg 106w\" sizes=\"(max-width: 400px) 100vw, 400px\" \/><\/figure><div class=\"elementor-image-box-content\"><h5 class=\"elementor-image-box-title\">Affiche des journ\u00e9es du patrimoine 2002<\/h5><p class=\"elementor-image-box-description\">Th\u00e8me : Demeures et Chateaux de l'Ardr\u00e9sis.<\/p><\/div><\/div>\t\t\t\t<\/div>\n\t\t\t\t<\/div>\n\t\t\t\t\t<\/div>\n\t\t\t\t<\/div>\n\t\t<div class=\"elementor-element elementor-element-2ccf2b4 e-flex e-con-boxed e-con e-parent\" data-id=\"2ccf2b4\" data-element_type=\"container\" data-e-type=\"container\">\n\t\t\t\t\t<div class=\"e-con-inner\">\n\t\t\t\t<div class=\"elementor-element elementor-element-5c05b3d elementor-position-left elementor-vertical-align-middle elementor-widget elementor-widget-image-box\" data-id=\"5c05b3d\" data-element_type=\"widget\" data-e-type=\"widget\" data-widget_type=\"image-box.default\">\n\t\t\t\t<div class=\"elementor-widget-container\">\n\t\t\t\t\t<div class=\"elementor-image-box-wrapper\"><figure class=\"elementor-image-box-img\"><img loading=\"lazy\" decoding=\"async\" width=\"400\" height=\"566\" src=\"https:\/\/acha-ardres.fr\/wp-content\/uploads\/2023\/12\/2003.jpg\" class=\"attachment-full size-full wp-image-671\" alt=\"\" srcset=\"https:\/\/acha-ardres.fr\/wp-content\/uploads\/2023\/12\/2003.jpg 400w, https:\/\/acha-ardres.fr\/wp-content\/uploads\/2023\/12\/2003-212x300.jpg 212w, https:\/\/acha-ardres.fr\/wp-content\/uploads\/2023\/12\/2003-106x150.jpg 106w\" sizes=\"(max-width: 400px) 100vw, 400px\" \/><\/figure><div class=\"elementor-image-box-content\"><h5 class=\"elementor-image-box-title\">Affiche des journ\u00e9es du patrimoine 2003<\/h5><p class=\"elementor-image-box-description\">Th\u00e8me : Le monument historique, hier, aujourd'hui, demain<\/p><\/div><\/div>\t\t\t\t<\/div>\n\t\t\t\t<\/div>\n\t\t\t\t\t<\/div>\n\t\t\t\t<\/div>\n\t\t<div class=\"elementor-element elementor-element-c5fadc7 e-flex e-con-boxed e-con e-parent\" data-id=\"c5fadc7\" data-element_type=\"container\" data-e-type=\"container\">\n\t\t\t\t\t<div class=\"e-con-inner\">\n\t\t\t\t<div class=\"elementor-element elementor-element-b13acaa elementor-position-right elementor-vertical-align-middle elementor-widget elementor-widget-image-box\" data-id=\"b13acaa\" data-element_type=\"widget\" data-e-type=\"widget\" data-widget_type=\"image-box.default\">\n\t\t\t\t<div class=\"elementor-widget-container\">\n\t\t\t\t\t<div class=\"elementor-image-box-wrapper\"><figure class=\"elementor-image-box-img\"><img loading=\"lazy\" decoding=\"async\" width=\"400\" height=\"566\" src=\"https:\/\/acha-ardres.fr\/wp-content\/uploads\/2023\/12\/2004.jpg\" class=\"attachment-full size-full wp-image-675\" alt=\"\" srcset=\"https:\/\/acha-ardres.fr\/wp-content\/uploads\/2023\/12\/2004.jpg 400w, https:\/\/acha-ardres.fr\/wp-content\/uploads\/2023\/12\/2004-212x300.jpg 212w, https:\/\/acha-ardres.fr\/wp-content\/uploads\/2023\/12\/2004-106x150.jpg 106w\" sizes=\"(max-width: 400px) 100vw, 400px\" \/><\/figure><div class=\"elementor-image-box-content\"><h5 class=\"elementor-image-box-title\">Affiche des journ\u00e9es du patrimoine 2004<\/h5><p class=\"elementor-image-box-description\">Th\u00e8me : Le vitrail dans l'Ardr\u00e9sis\n\n<br>\nAffiche : Elsa Lecomte<\/p><\/div><\/div>\t\t\t\t<\/div>\n\t\t\t\t<\/div>\n\t\t\t\t\t<\/div>\n\t\t\t\t<\/div>\n\t\t<div class=\"elementor-element elementor-element-f08a683 e-flex e-con-boxed e-con e-parent\" data-id=\"f08a683\" data-element_type=\"container\" data-e-type=\"container\">\n\t\t\t\t\t<div class=\"e-con-inner\">\n\t\t\t\t<div class=\"elementor-element elementor-element-32ddbab elementor-position-left elementor-vertical-align-middle elementor-widget elementor-widget-image-box\" data-id=\"32ddbab\" data-element_type=\"widget\" data-e-type=\"widget\" data-widget_type=\"image-box.default\">\n\t\t\t\t<div class=\"elementor-widget-container\">\n\t\t\t\t\t<div class=\"elementor-image-box-wrapper\"><figure class=\"elementor-image-box-img\"><img loading=\"lazy\" decoding=\"async\" width=\"400\" height=\"565\" src=\"https:\/\/acha-ardres.fr\/wp-content\/uploads\/2023\/12\/2005.jpg\" class=\"attachment-full size-full wp-image-679\" alt=\"\" srcset=\"https:\/\/acha-ardres.fr\/wp-content\/uploads\/2023\/12\/2005.jpg 400w, https:\/\/acha-ardres.fr\/wp-content\/uploads\/2023\/12\/2005-212x300.jpg 212w, https:\/\/acha-ardres.fr\/wp-content\/uploads\/2023\/12\/2005-106x150.jpg 106w\" sizes=\"(max-width: 400px) 100vw, 400px\" \/><\/figure><div class=\"elementor-image-box-content\"><h5 class=\"elementor-image-box-title\">Affiche des journ\u00e9es du patrimoine 2005<\/h5><p class=\"elementor-image-box-description\">Th\u00e8me : M\u00e9moire en images\n<br>\nAffiche : Elsa Lecomte<\/p><\/div><\/div>\t\t\t\t<\/div>\n\t\t\t\t<\/div>\n\t\t\t\t\t<\/div>\n\t\t\t\t<\/div>\n\t\t<div class=\"elementor-element elementor-element-8bbcae1 e-flex e-con-boxed e-con e-parent\" data-id=\"8bbcae1\" data-element_type=\"container\" data-e-type=\"container\">\n\t\t\t\t\t<div class=\"e-con-inner\">\n\t\t\t\t<div class=\"elementor-element elementor-element-78c9e95 elementor-position-right elementor-vertical-align-middle elementor-widget elementor-widget-image-box\" data-id=\"78c9e95\" data-element_type=\"widget\" data-e-type=\"widget\" data-widget_type=\"image-box.default\">\n\t\t\t\t<div class=\"elementor-widget-container\">\n\t\t\t\t\t<div class=\"elementor-image-box-wrapper\"><figure class=\"elementor-image-box-img\"><img loading=\"lazy\" decoding=\"async\" width=\"400\" height=\"566\" src=\"https:\/\/acha-ardres.fr\/wp-content\/uploads\/2023\/12\/2006.jpg\" class=\"attachment-full size-full wp-image-680\" alt=\"\" srcset=\"https:\/\/acha-ardres.fr\/wp-content\/uploads\/2023\/12\/2006.jpg 400w, https:\/\/acha-ardres.fr\/wp-content\/uploads\/2023\/12\/2006-212x300.jpg 212w, https:\/\/acha-ardres.fr\/wp-content\/uploads\/2023\/12\/2006-106x150.jpg 106w\" sizes=\"(max-width: 400px) 100vw, 400px\" \/><\/figure><div class=\"elementor-image-box-content\"><h5 class=\"elementor-image-box-title\">Affiche des journ\u00e9es du patrimoine 2006<\/h5><p class=\"elementor-image-box-description\">Th\u00e8me : 20 ans d\u00e9j\u00e0. Faisons vivre notre patrimoine\n<br>\nAffiche : Elsa Lecomte<\/p><\/div><\/div>\t\t\t\t<\/div>\n\t\t\t\t<\/div>\n\t\t\t\t\t<\/div>\n\t\t\t\t<\/div>\n\t\t<div class=\"elementor-element elementor-element-f26bc68 e-flex e-con-boxed e-con e-parent\" data-id=\"f26bc68\" data-element_type=\"container\" data-e-type=\"container\">\n\t\t\t\t\t<div class=\"e-con-inner\">\n\t\t\t\t<div class=\"elementor-element elementor-element-9a42049 elementor-widget-divider--view-line elementor-widget elementor-widget-divider\" data-id=\"9a42049\" data-element_type=\"widget\" data-e-type=\"widget\" data-widget_type=\"divider.default\">\n\t\t\t\t<div class=\"elementor-widget-container\">\n\t\t\t\t\t\t\t<div class=\"elementor-divider\">\n\t\t\t<span class=\"elementor-divider-separator\">\n\t\t\t\t\t\t<\/span>\n\t\t<\/div>\n\t\t\t\t\t\t<\/div>\n\t\t\t\t<\/div>\n\t\t\t\t\t<\/div>\n\t\t\t\t<\/div>\n\t\t<div class=\"elementor-element elementor-element-64268aa e-flex e-con-boxed e-con e-parent\" data-id=\"64268aa\" data-element_type=\"container\" data-e-type=\"container\">\n\t\t\t\t\t<div class=\"e-con-inner\">\n\t\t\t\t<div class=\"elementor-element elementor-element-b1a61ec elementor-widget elementor-widget-text-editor\" data-id=\"b1a61ec\" data-element_type=\"widget\" data-e-type=\"widget\" data-widget_type=\"text-editor.default\">\n\t\t\t\t<div class=\"elementor-widget-container\">\n\t\t\t\t\t\t\t\t\t<p><span style=\"color: #ffffff;\">Pour avoir plus de d\u00e9tails concernant les journ\u00e9es du patrimoine de <strong>1987<\/strong> \u00e0 <strong>2006<\/strong>, vous pouvez visiter notre ancien site internet dans l&rsquo;onglet \u00ab\u00a0ARCHIVES\u00a0\u00bb.<\/span><\/p>\t\t\t\t\t\t\t\t<\/div>\n\t\t\t\t<\/div>\n\t\t\t\t\t<\/div>\n\t\t\t\t<\/div>\n\t\t<div class=\"elementor-element elementor-element-2bf05bc e-flex e-con-boxed e-con e-parent\" data-id=\"2bf05bc\" data-element_type=\"container\" data-e-type=\"container\">\n\t\t\t\t\t<div class=\"e-con-inner\">\n\t\t\t\t<div class=\"elementor-element elementor-element-7f2d16b elementor-widget-divider--view-line elementor-widget elementor-widget-divider\" data-id=\"7f2d16b\" data-element_type=\"widget\" data-e-type=\"widget\" data-widget_type=\"divider.default\">\n\t\t\t\t<div class=\"elementor-widget-container\">\n\t\t\t\t\t\t\t<div class=\"elementor-divider\">\n\t\t\t<span class=\"elementor-divider-separator\">\n\t\t\t\t\t\t<\/span>\n\t\t<\/div>\n\t\t\t\t\t\t<\/div>\n\t\t\t\t<\/div>\n\t\t\t\t\t<\/div>\n\t\t\t\t<\/div>\n\t\t<div class=\"elementor-element elementor-element-64e0ec5 e-flex e-con-boxed e-con e-parent\" data-id=\"64e0ec5\" data-element_type=\"container\" data-e-type=\"container\">\n\t\t\t\t\t<div class=\"e-con-inner\">\n\t\t\t\t<div class=\"elementor-element elementor-element-159dd97 elementor-widget elementor-widget-text-editor\" data-id=\"159dd97\" data-element_type=\"widget\" data-e-type=\"widget\" data-widget_type=\"text-editor.default\">\n\t\t\t\t<div class=\"elementor-widget-container\">\n\t\t\t\t\t\t\t\t\t<p><em>Pour acc\u00e9der aux d\u00e9tails concernant les Journ\u00e9es du Patrimoine\u00a0<strong>depuis 2007<\/strong>, cliquez sur l&rsquo;affiche qui vous int\u00e9resse.<\/em><\/p>\t\t\t\t\t\t\t\t<\/div>\n\t\t\t\t<\/div>\n\t\t\t\t\t<\/div>\n\t\t\t\t<\/div>\n\t\t<div class=\"elementor-element elementor-element-395ff79 e-flex e-con-boxed e-con e-parent\" data-id=\"395ff79\" data-element_type=\"container\" data-e-type=\"container\">\n\t\t\t\t\t<div class=\"e-con-inner\">\n\t\t\t\t<div class=\"elementor-element elementor-element-f2c0a6e elementor-widget-divider--view-line elementor-widget elementor-widget-divider\" data-id=\"f2c0a6e\" data-element_type=\"widget\" data-e-type=\"widget\" data-widget_type=\"divider.default\">\n\t\t\t\t<div class=\"elementor-widget-container\">\n\t\t\t\t\t\t\t<div class=\"elementor-divider\">\n\t\t\t<span class=\"elementor-divider-separator\">\n\t\t\t\t\t\t<\/span>\n\t\t<\/div>\n\t\t\t\t\t\t<\/div>\n\t\t\t\t<\/div>\n\t\t\t\t\t<\/div>\n\t\t\t\t<\/div>\n\t\t<div class=\"elementor-element elementor-element-c4efdc6 e-flex e-con-boxed e-con e-parent\" data-id=\"c4efdc6\" data-element_type=\"container\" data-e-type=\"container\">\n\t\t\t\t\t<div class=\"e-con-inner\">\n\t\t\t\t<div class=\"elementor-element elementor-element-ceeb032 elementor-widget elementor-widget-menu-anchor\" data-id=\"ceeb032\" data-element_type=\"widget\" data-e-type=\"widget\" data-widget_type=\"menu-anchor.default\">\n\t\t\t\t<div class=\"elementor-widget-container\">\n\t\t\t\t\t\t\t<div class=\"elementor-menu-anchor\" id=\"pointc\"><\/div>\n\t\t\t\t\t\t<\/div>\n\t\t\t\t<\/div>\n\t\t\t\t\t<\/div>\n\t\t\t\t<\/div>\n\t\t<div class=\"elementor-element elementor-element-8cd86b3 e-con-full e-flex e-con e-parent\" data-id=\"8cd86b3\" data-element_type=\"container\" data-e-type=\"container\">\n\t\t<div class=\"elementor-element elementor-element-a9a8dc6 e-con-full e-flex e-con e-child\" data-id=\"a9a8dc6\" data-element_type=\"container\" data-e-type=\"container\">\n\t\t\t\t<div class=\"elementor-element elementor-element-9cf3cb7 elementor-widget elementor-widget-text-editor\" data-id=\"9cf3cb7\" data-element_type=\"widget\" data-e-type=\"widget\" data-widget_type=\"text-editor.default\">\n\t\t\t\t<div class=\"elementor-widget-container\">\n\t\t\t\t\t\t\t\t\t<p>Affiches <a href=\"#Affiche_A\">1987 \u00e0 1996<\/a><\/p>\t\t\t\t\t\t\t\t<\/div>\n\t\t\t\t<\/div>\n\t\t\t\t<\/div>\n\t\t<div class=\"elementor-element elementor-element-9fa9415 e-con-full e-flex e-con e-child\" data-id=\"9fa9415\" data-element_type=\"container\" data-e-type=\"container\">\n\t\t\t\t<div class=\"elementor-element elementor-element-7677eae elementor-widget elementor-widget-text-editor\" data-id=\"7677eae\" data-element_type=\"widget\" data-e-type=\"widget\" data-widget_type=\"text-editor.default\">\n\t\t\t\t<div class=\"elementor-widget-container\">\n\t\t\t\t\t\t\t\t\t<p>Affiches <a href=\"#Affiche_B\">1997 \u00e0 2006<\/a><\/p>\t\t\t\t\t\t\t\t<\/div>\n\t\t\t\t<\/div>\n\t\t\t\t<\/div>\n\t\t<div class=\"elementor-element elementor-element-8c8c9cc e-con-full e-flex e-con e-child\" data-id=\"8c8c9cc\" data-element_type=\"container\" data-e-type=\"container\">\n\t\t\t\t<div class=\"elementor-element elementor-element-229965b elementor-widget elementor-widget-text-editor\" data-id=\"229965b\" data-element_type=\"widget\" data-e-type=\"widget\" data-widget_type=\"text-editor.default\">\n\t\t\t\t<div class=\"elementor-widget-container\">\n\t\t\t\t\t\t\t\t\t<p>Affiches <a href=\"#pointc\">2007 \u00e0 2016<\/a><\/p>\t\t\t\t\t\t\t\t<\/div>\n\t\t\t\t<\/div>\n\t\t\t\t<\/div>\n\t\t<div class=\"elementor-element elementor-element-6f8cf18 e-con-full e-flex e-con e-child\" data-id=\"6f8cf18\" data-element_type=\"container\" data-e-type=\"container\">\n\t\t\t\t<div class=\"elementor-element elementor-element-c71eb51 elementor-widget elementor-widget-text-editor\" data-id=\"c71eb51\" data-element_type=\"widget\" data-e-type=\"widget\" data-widget_type=\"text-editor.default\">\n\t\t\t\t<div class=\"elementor-widget-container\">\n\t\t\t\t\t\t\t\t\t<p>Affiches <a href=\"#placed\">2017 \u00e0\u00a0 2024<\/a><\/p>\t\t\t\t\t\t\t\t<\/div>\n\t\t\t\t<\/div>\n\t\t\t\t<\/div>\n\t\t\t\t<\/div>\n\t\t<div class=\"elementor-element elementor-element-1875728 e-flex e-con-boxed e-con e-parent\" data-id=\"1875728\" data-element_type=\"container\" data-e-type=\"container\">\n\t\t\t\t\t<div class=\"e-con-inner\">\n\t\t\t\t<div class=\"elementor-element elementor-element-ce6aa0d elementor-position-left elementor-vertical-align-middle elementor-widget elementor-widget-image-box\" data-id=\"ce6aa0d\" data-element_type=\"widget\" data-e-type=\"widget\" data-widget_type=\"image-box.default\">\n\t\t\t\t<div class=\"elementor-widget-container\">\n\t\t\t\t\t<div class=\"elementor-image-box-wrapper\"><figure class=\"elementor-image-box-img\"><img loading=\"lazy\" decoding=\"async\" width=\"400\" height=\"566\" src=\"https:\/\/acha-ardres.fr\/wp-content\/uploads\/2023\/12\/2007.jpg\" class=\"attachment-full size-full wp-image-684\" alt=\"\" srcset=\"https:\/\/acha-ardres.fr\/wp-content\/uploads\/2023\/12\/2007.jpg 400w, https:\/\/acha-ardres.fr\/wp-content\/uploads\/2023\/12\/2007-212x300.jpg 212w, https:\/\/acha-ardres.fr\/wp-content\/uploads\/2023\/12\/2007-106x150.jpg 106w\" sizes=\"(max-width: 400px) 100vw, 400px\" \/><\/figure><div class=\"elementor-image-box-content\"><h5 class=\"elementor-image-box-title\">Affiche des journ\u00e9es du patrimoine 2007<\/h5><p class=\"elementor-image-box-description\">Th\u00e8me : Chapelles de l'Ardr\u00e9sis\n<br>\nAffiche : Elsa Lecomte<\/p><\/div><\/div>\t\t\t\t<\/div>\n\t\t\t\t<\/div>\n\t\t\t\t\t<\/div>\n\t\t\t\t<\/div>\n\t\t<div class=\"elementor-element elementor-element-bcdae36 e-flex e-con-boxed e-con e-parent\" data-id=\"bcdae36\" data-element_type=\"container\" data-e-type=\"container\">\n\t\t\t\t\t<div class=\"e-con-inner\">\n\t\t\t\t<div class=\"elementor-element elementor-element-707608a elementor-position-right elementor-vertical-align-middle elementor-widget elementor-widget-image-box\" data-id=\"707608a\" data-element_type=\"widget\" data-e-type=\"widget\" data-widget_type=\"image-box.default\">\n\t\t\t\t<div class=\"elementor-widget-container\">\n\t\t\t\t\t<div class=\"elementor-image-box-wrapper\"><figure class=\"elementor-image-box-img\"><img loading=\"lazy\" decoding=\"async\" width=\"400\" height=\"566\" src=\"https:\/\/acha-ardres.fr\/wp-content\/uploads\/2023\/12\/2008.jpg\" class=\"attachment-full size-full wp-image-688\" alt=\"\" srcset=\"https:\/\/acha-ardres.fr\/wp-content\/uploads\/2023\/12\/2008.jpg 400w, https:\/\/acha-ardres.fr\/wp-content\/uploads\/2023\/12\/2008-212x300.jpg 212w, https:\/\/acha-ardres.fr\/wp-content\/uploads\/2023\/12\/2008-106x150.jpg 106w\" sizes=\"(max-width: 400px) 100vw, 400px\" \/><\/figure><div class=\"elementor-image-box-content\"><h5 class=\"elementor-image-box-title\">Affiche des journ\u00e9es du patrimoine 2008<\/h5><p class=\"elementor-image-box-description\">Th\u00e8me : N\u00e9ogothique en Ardr\u00e9sis\n<br>\nAffiche : Elsa Lecomte<\/p><\/div><\/div>\t\t\t\t<\/div>\n\t\t\t\t<\/div>\n\t\t\t\t\t<\/div>\n\t\t\t\t<\/div>\n\t\t<div class=\"elementor-element elementor-element-bf84658 e-flex e-con-boxed e-con e-parent\" data-id=\"bf84658\" data-element_type=\"container\" data-e-type=\"container\">\n\t\t\t\t\t<div class=\"e-con-inner\">\n\t\t\t\t<div class=\"elementor-element elementor-element-f438275 elementor-position-left elementor-vertical-align-middle elementor-widget elementor-widget-image-box\" data-id=\"f438275\" data-element_type=\"widget\" data-e-type=\"widget\" data-widget_type=\"image-box.default\">\n\t\t\t\t<div class=\"elementor-widget-container\">\n\t\t\t\t\t<div class=\"elementor-image-box-wrapper\"><figure class=\"elementor-image-box-img\"><img loading=\"lazy\" decoding=\"async\" width=\"400\" height=\"566\" src=\"https:\/\/acha-ardres.fr\/wp-content\/uploads\/2023\/12\/2009.jpg\" class=\"attachment-full size-full wp-image-692\" alt=\"\" srcset=\"https:\/\/acha-ardres.fr\/wp-content\/uploads\/2023\/12\/2009.jpg 400w, https:\/\/acha-ardres.fr\/wp-content\/uploads\/2023\/12\/2009-212x300.jpg 212w, https:\/\/acha-ardres.fr\/wp-content\/uploads\/2023\/12\/2009-106x150.jpg 106w\" sizes=\"(max-width: 400px) 100vw, 400px\" \/><\/figure><div class=\"elementor-image-box-content\"><h5 class=\"elementor-image-box-title\">Affiche des journ\u00e9es du patrimoine 2009<\/h5><p class=\"elementor-image-box-description\">Th\u00e8me : En souvenir de...<\/p><\/div><\/div>\t\t\t\t<\/div>\n\t\t\t\t<\/div>\n\t\t\t\t\t<\/div>\n\t\t\t\t<\/div>\n\t\t<div class=\"elementor-element elementor-element-42ce3b1 e-flex e-con-boxed e-con e-parent\" data-id=\"42ce3b1\" data-element_type=\"container\" data-e-type=\"container\">\n\t\t\t\t\t<div class=\"e-con-inner\">\n\t\t\t\t<div class=\"elementor-element elementor-element-c66a980 elementor-position-right elementor-vertical-align-middle elementor-widget elementor-widget-image-box\" data-id=\"c66a980\" data-element_type=\"widget\" data-e-type=\"widget\" data-widget_type=\"image-box.default\">\n\t\t\t\t<div class=\"elementor-widget-container\">\n\t\t\t\t\t<div class=\"elementor-image-box-wrapper\"><figure class=\"elementor-image-box-img\"><img loading=\"lazy\" decoding=\"async\" width=\"400\" height=\"566\" src=\"https:\/\/acha-ardres.fr\/wp-content\/uploads\/2023\/12\/2010.jpg\" class=\"attachment-full size-full wp-image-696\" alt=\"\" srcset=\"https:\/\/acha-ardres.fr\/wp-content\/uploads\/2023\/12\/2010.jpg 400w, https:\/\/acha-ardres.fr\/wp-content\/uploads\/2023\/12\/2010-212x300.jpg 212w, https:\/\/acha-ardres.fr\/wp-content\/uploads\/2023\/12\/2010-106x150.jpg 106w\" sizes=\"(max-width: 400px) 100vw, 400px\" \/><\/figure><div class=\"elementor-image-box-content\"><h5 class=\"elementor-image-box-title\">Affiche des journ\u00e9es du patrimoine 2010<\/h5><p class=\"elementor-image-box-description\">Th\u00e8me : La travers\u00e9e de la Hem<\/p><\/div><\/div>\t\t\t\t<\/div>\n\t\t\t\t<\/div>\n\t\t\t\t\t<\/div>\n\t\t\t\t<\/div>\n\t\t<div class=\"elementor-element elementor-element-2407245 e-flex e-con-boxed e-con e-parent\" data-id=\"2407245\" data-element_type=\"container\" data-e-type=\"container\">\n\t\t\t\t\t<div class=\"e-con-inner\">\n\t\t\t\t<div class=\"elementor-element elementor-element-d0505ea elementor-position-left elementor-vertical-align-middle elementor-widget elementor-widget-image-box\" data-id=\"d0505ea\" data-element_type=\"widget\" data-e-type=\"widget\" data-widget_type=\"image-box.default\">\n\t\t\t\t<div class=\"elementor-widget-container\">\n\t\t\t\t\t<div class=\"elementor-image-box-wrapper\"><figure class=\"elementor-image-box-img\"><img loading=\"lazy\" decoding=\"async\" width=\"400\" height=\"566\" src=\"https:\/\/acha-ardres.fr\/wp-content\/uploads\/2023\/12\/2011.jpg\" class=\"attachment-full size-full wp-image-700\" alt=\"\" srcset=\"https:\/\/acha-ardres.fr\/wp-content\/uploads\/2023\/12\/2011.jpg 400w, https:\/\/acha-ardres.fr\/wp-content\/uploads\/2023\/12\/2011-212x300.jpg 212w, https:\/\/acha-ardres.fr\/wp-content\/uploads\/2023\/12\/2011-106x150.jpg 106w\" sizes=\"(max-width: 400px) 100vw, 400px\" \/><\/figure><div class=\"elementor-image-box-content\"><h5 class=\"elementor-image-box-title\">Affiche des journ\u00e9es du patrimoine 2011<\/h5><p class=\"elementor-image-box-description\">Th\u00e8me : l'ACHA f\u00eate ses 25 ans\n<br>\nAffiche : Jacqueline Brevi\u00e8re<\/p><\/div><\/div>\t\t\t\t<\/div>\n\t\t\t\t<\/div>\n\t\t\t\t\t<\/div>\n\t\t\t\t<\/div>\n\t\t<div class=\"elementor-element elementor-element-73c70bd e-flex e-con-boxed e-con e-parent\" data-id=\"73c70bd\" data-element_type=\"container\" data-e-type=\"container\">\n\t\t\t\t\t<div class=\"e-con-inner\">\n\t\t\t\t<div class=\"elementor-element elementor-element-6f571af elementor-position-right elementor-vertical-align-middle elementor-widget elementor-widget-image-box\" data-id=\"6f571af\" data-element_type=\"widget\" data-e-type=\"widget\" data-widget_type=\"image-box.default\">\n\t\t\t\t<div class=\"elementor-widget-container\">\n\t\t\t\t\t<div class=\"elementor-image-box-wrapper\"><figure class=\"elementor-image-box-img\"><a href=\"https:\/\/acha-ardres.fr\/?page_id=5208\" tabindex=\"-1\"><img loading=\"lazy\" decoding=\"async\" width=\"400\" height=\"566\" src=\"https:\/\/acha-ardres.fr\/wp-content\/uploads\/2023\/12\/2012.jpg\" class=\"attachment-full size-full wp-image-704\" alt=\"\" srcset=\"https:\/\/acha-ardres.fr\/wp-content\/uploads\/2023\/12\/2012.jpg 400w, https:\/\/acha-ardres.fr\/wp-content\/uploads\/2023\/12\/2012-212x300.jpg 212w, https:\/\/acha-ardres.fr\/wp-content\/uploads\/2023\/12\/2012-106x150.jpg 106w\" sizes=\"(max-width: 400px) 100vw, 400px\" \/><\/a><\/figure><div class=\"elementor-image-box-content\"><h5 class=\"elementor-image-box-title\"><a href=\"https:\/\/acha-ardres.fr\/?page_id=5208\">Affiche des journ\u00e9es du patrimoine 2012<\/a><\/h5><p class=\"elementor-image-box-description\">Th\u00e8me : Patrimoine cach\u00e9... Picardie ou Artois ?<\/p><\/div><\/div>\t\t\t\t<\/div>\n\t\t\t\t<\/div>\n\t\t\t\t\t<\/div>\n\t\t\t\t<\/div>\n\t\t<div class=\"elementor-element elementor-element-f1b364f e-flex e-con-boxed e-con e-parent\" data-id=\"f1b364f\" data-element_type=\"container\" data-e-type=\"container\">\n\t\t\t\t\t<div class=\"e-con-inner\">\n\t\t\t\t<div class=\"elementor-element elementor-element-6ddab80 elementor-position-left elementor-vertical-align-middle elementor-widget elementor-widget-image-box\" data-id=\"6ddab80\" data-element_type=\"widget\" data-e-type=\"widget\" data-widget_type=\"image-box.default\">\n\t\t\t\t<div class=\"elementor-widget-container\">\n\t\t\t\t\t<div class=\"elementor-image-box-wrapper\"><figure class=\"elementor-image-box-img\"><img loading=\"lazy\" decoding=\"async\" width=\"400\" height=\"566\" src=\"https:\/\/acha-ardres.fr\/wp-content\/uploads\/2023\/12\/2013.jpg\" class=\"attachment-full size-full wp-image-711\" alt=\"\" srcset=\"https:\/\/acha-ardres.fr\/wp-content\/uploads\/2023\/12\/2013.jpg 400w, https:\/\/acha-ardres.fr\/wp-content\/uploads\/2023\/12\/2013-212x300.jpg 212w, https:\/\/acha-ardres.fr\/wp-content\/uploads\/2023\/12\/2013-106x150.jpg 106w\" sizes=\"(max-width: 400px) 100vw, 400px\" \/><\/figure><div class=\"elementor-image-box-content\"><h5 class=\"elementor-image-box-title\">Affiche des journ\u00e9es du patrimoine 2013<\/h5><p class=\"elementor-image-box-description\">Th\u00e8me  : Les cent ans de la loi sur les Monuments Historiques.<\/p><\/div><\/div>\t\t\t\t<\/div>\n\t\t\t\t<\/div>\n\t\t\t\t\t<\/div>\n\t\t\t\t<\/div>\n\t\t<div class=\"elementor-element elementor-element-4767d08 e-flex e-con-boxed e-con e-parent\" data-id=\"4767d08\" data-element_type=\"container\" data-e-type=\"container\">\n\t\t\t\t\t<div class=\"e-con-inner\">\n\t\t\t\t<div class=\"elementor-element elementor-element-898f5e0 elementor-position-right elementor-vertical-align-middle elementor-widget elementor-widget-image-box\" data-id=\"898f5e0\" data-element_type=\"widget\" data-e-type=\"widget\" data-widget_type=\"image-box.default\">\n\t\t\t\t<div class=\"elementor-widget-container\">\n\t\t\t\t\t<div class=\"elementor-image-box-wrapper\"><figure class=\"elementor-image-box-img\"><img loading=\"lazy\" decoding=\"async\" width=\"400\" height=\"566\" src=\"https:\/\/acha-ardres.fr\/wp-content\/uploads\/2023\/12\/2014.jpg\" class=\"attachment-full size-full wp-image-716\" alt=\"\" srcset=\"https:\/\/acha-ardres.fr\/wp-content\/uploads\/2023\/12\/2014.jpg 400w, https:\/\/acha-ardres.fr\/wp-content\/uploads\/2023\/12\/2014-212x300.jpg 212w, https:\/\/acha-ardres.fr\/wp-content\/uploads\/2023\/12\/2014-106x150.jpg 106w\" sizes=\"(max-width: 400px) 100vw, 400px\" \/><\/figure><div class=\"elementor-image-box-content\"><h5 class=\"elementor-image-box-title\">Affiche des journ\u00e9es du patrimoine 2014<\/h5><p class=\"elementor-image-box-description\">Th\u00e8me : Des creux et des bosses, nature et histoire<\/p><\/div><\/div>\t\t\t\t<\/div>\n\t\t\t\t<\/div>\n\t\t\t\t\t<\/div>\n\t\t\t\t<\/div>\n\t\t<div class=\"elementor-element elementor-element-d1757c5 e-flex e-con-boxed e-con e-parent\" data-id=\"d1757c5\" data-element_type=\"container\" data-e-type=\"container\">\n\t\t\t\t\t<div class=\"e-con-inner\">\n\t\t\t\t<div class=\"elementor-element elementor-element-852fe2f elementor-position-left elementor-vertical-align-middle elementor-widget elementor-widget-image-box\" data-id=\"852fe2f\" data-element_type=\"widget\" data-e-type=\"widget\" data-widget_type=\"image-box.default\">\n\t\t\t\t<div class=\"elementor-widget-container\">\n\t\t\t\t\t<div class=\"elementor-image-box-wrapper\"><figure class=\"elementor-image-box-img\"><img loading=\"lazy\" decoding=\"async\" width=\"400\" height=\"566\" src=\"https:\/\/acha-ardres.fr\/wp-content\/uploads\/2023\/12\/2015.jpg\" class=\"attachment-full size-full wp-image-720\" alt=\"\" srcset=\"https:\/\/acha-ardres.fr\/wp-content\/uploads\/2023\/12\/2015.jpg 400w, https:\/\/acha-ardres.fr\/wp-content\/uploads\/2023\/12\/2015-212x300.jpg 212w, https:\/\/acha-ardres.fr\/wp-content\/uploads\/2023\/12\/2015-106x150.jpg 106w\" sizes=\"(max-width: 400px) 100vw, 400px\" \/><\/figure><div class=\"elementor-image-box-content\"><h3 class=\"elementor-image-box-title\">Affiche des journ\u00e9es du patrimoine 2015<\/h3><p class=\"elementor-image-box-description\">Th\u00e8me : Entre Flandres et Artois\n<br>\nAffiche : Armelle et Alexandre LECOMTE<\/p><\/div><\/div>\t\t\t\t<\/div>\n\t\t\t\t<\/div>\n\t\t\t\t\t<\/div>\n\t\t\t\t<\/div>\n\t\t<div class=\"elementor-element elementor-element-673aeeb e-flex e-con-boxed e-con e-parent\" data-id=\"673aeeb\" data-element_type=\"container\" data-e-type=\"container\">\n\t\t\t\t\t<div class=\"e-con-inner\">\n\t\t\t\t<div class=\"elementor-element elementor-element-e2f5b00 elementor-position-right elementor-vertical-align-middle elementor-widget elementor-widget-image-box\" data-id=\"e2f5b00\" data-element_type=\"widget\" data-e-type=\"widget\" data-widget_type=\"image-box.default\">\n\t\t\t\t<div class=\"elementor-widget-container\">\n\t\t\t\t\t<div class=\"elementor-image-box-wrapper\"><figure class=\"elementor-image-box-img\"><img loading=\"lazy\" decoding=\"async\" width=\"400\" height=\"566\" src=\"https:\/\/acha-ardres.fr\/wp-content\/uploads\/2023\/12\/2016.jpg\" class=\"attachment-full size-full wp-image-724\" alt=\"\" srcset=\"https:\/\/acha-ardres.fr\/wp-content\/uploads\/2023\/12\/2016.jpg 400w, https:\/\/acha-ardres.fr\/wp-content\/uploads\/2023\/12\/2016-212x300.jpg 212w, https:\/\/acha-ardres.fr\/wp-content\/uploads\/2023\/12\/2016-106x150.jpg 106w\" sizes=\"(max-width: 400px) 100vw, 400px\" \/><\/figure><div class=\"elementor-image-box-content\"><h5 class=\"elementor-image-box-title\">Affiche des journ\u00e9es du patrimoine 2016<\/h5><p class=\"elementor-image-box-description\">Th\u00e8me : Au c\u0153ur de nos richesses rurales<\/p><\/div><\/div>\t\t\t\t<\/div>\n\t\t\t\t<\/div>\n\t\t\t\t\t<\/div>\n\t\t\t\t<\/div>\n\t\t<div class=\"elementor-element elementor-element-6391533 e-flex e-con-boxed e-con e-parent\" data-id=\"6391533\" data-element_type=\"container\" data-e-type=\"container\">\n\t\t\t\t\t<div class=\"e-con-inner\">\n\t\t\t\t<div class=\"elementor-element elementor-element-6fb77a7 elementor-widget elementor-widget-menu-anchor\" data-id=\"6fb77a7\" data-element_type=\"widget\" data-e-type=\"widget\" data-widget_type=\"menu-anchor.default\">\n\t\t\t\t<div class=\"elementor-widget-container\">\n\t\t\t\t\t\t\t<div class=\"elementor-menu-anchor\" id=\"placed\"><\/div>\n\t\t\t\t\t\t<\/div>\n\t\t\t\t<\/div>\n\t\t\t\t\t<\/div>\n\t\t\t\t<\/div>\n\t\t<div class=\"elementor-element elementor-element-b4f36c4 e-con-full e-flex e-con e-parent\" data-id=\"b4f36c4\" data-element_type=\"container\" data-e-type=\"container\">\n\t\t<div class=\"elementor-element elementor-element-fdec9a3 e-con-full e-flex e-con e-child\" data-id=\"fdec9a3\" data-element_type=\"container\" data-e-type=\"container\">\n\t\t\t\t<div class=\"elementor-element elementor-element-570fa63 elementor-widget elementor-widget-text-editor\" data-id=\"570fa63\" data-element_type=\"widget\" data-e-type=\"widget\" data-widget_type=\"text-editor.default\">\n\t\t\t\t<div class=\"elementor-widget-container\">\n\t\t\t\t\t\t\t\t\t<p>Affiches <a href=\"#Affiche_A\">1987 \u00e0 1996<\/a><\/p>\t\t\t\t\t\t\t\t<\/div>\n\t\t\t\t<\/div>\n\t\t\t\t<\/div>\n\t\t<div class=\"elementor-element elementor-element-a590921 e-con-full e-flex e-con e-child\" data-id=\"a590921\" data-element_type=\"container\" data-e-type=\"container\">\n\t\t\t\t<div class=\"elementor-element elementor-element-329b418 elementor-widget elementor-widget-text-editor\" data-id=\"329b418\" data-element_type=\"widget\" data-e-type=\"widget\" data-widget_type=\"text-editor.default\">\n\t\t\t\t<div class=\"elementor-widget-container\">\n\t\t\t\t\t\t\t\t\t<p>Affiches <a href=\"#Affiche_B\">1997 \u00e0 2006<\/a><\/p>\t\t\t\t\t\t\t\t<\/div>\n\t\t\t\t<\/div>\n\t\t\t\t<\/div>\n\t\t<div class=\"elementor-element elementor-element-a999027 e-con-full e-flex e-con e-child\" data-id=\"a999027\" data-element_type=\"container\" data-e-type=\"container\">\n\t\t\t\t<div class=\"elementor-element elementor-element-09286d2 elementor-widget elementor-widget-text-editor\" data-id=\"09286d2\" data-element_type=\"widget\" data-e-type=\"widget\" data-widget_type=\"text-editor.default\">\n\t\t\t\t<div class=\"elementor-widget-container\">\n\t\t\t\t\t\t\t\t\t<p>Affiches <a href=\"#pointc\">2007 \u00e0 2016<\/a><\/p>\t\t\t\t\t\t\t\t<\/div>\n\t\t\t\t<\/div>\n\t\t\t\t<\/div>\n\t\t<div class=\"elementor-element elementor-element-0bf70b5 e-con-full e-flex e-con e-child\" data-id=\"0bf70b5\" data-element_type=\"container\" data-e-type=\"container\">\n\t\t\t\t<div class=\"elementor-element elementor-element-5938d6b elementor-widget elementor-widget-text-editor\" data-id=\"5938d6b\" data-element_type=\"widget\" data-e-type=\"widget\" data-widget_type=\"text-editor.default\">\n\t\t\t\t<div class=\"elementor-widget-container\">\n\t\t\t\t\t\t\t\t\t<p>Affiches <a href=\"#placed\">2017 \u00e0\u00a0 2024<\/a><\/p>\t\t\t\t\t\t\t\t<\/div>\n\t\t\t\t<\/div>\n\t\t\t\t<\/div>\n\t\t\t\t<\/div>\n\t\t<div class=\"elementor-element elementor-element-08b5908 e-flex e-con-boxed e-con e-parent\" data-id=\"08b5908\" data-element_type=\"container\" data-e-type=\"container\">\n\t\t\t\t\t<div class=\"e-con-inner\">\n\t\t\t\t<div class=\"elementor-element elementor-element-d8a2043 elementor-position-left elementor-vertical-align-middle elementor-widget elementor-widget-image-box\" data-id=\"d8a2043\" data-element_type=\"widget\" data-e-type=\"widget\" data-widget_type=\"image-box.default\">\n\t\t\t\t<div class=\"elementor-widget-container\">\n\t\t\t\t\t<div class=\"elementor-image-box-wrapper\"><figure class=\"elementor-image-box-img\"><img loading=\"lazy\" decoding=\"async\" width=\"400\" height=\"566\" src=\"https:\/\/acha-ardres.fr\/wp-content\/uploads\/2023\/12\/2017.jpg\" class=\"attachment-full size-full wp-image-728\" alt=\"\" srcset=\"https:\/\/acha-ardres.fr\/wp-content\/uploads\/2023\/12\/2017.jpg 400w, https:\/\/acha-ardres.fr\/wp-content\/uploads\/2023\/12\/2017-212x300.jpg 212w, https:\/\/acha-ardres.fr\/wp-content\/uploads\/2023\/12\/2017-106x150.jpg 106w\" sizes=\"(max-width: 400px) 100vw, 400px\" \/><\/figure><div class=\"elementor-image-box-content\"><h5 class=\"elementor-image-box-title\">Affiche des journ\u00e9es du patrimoine 2017<\/h5><p class=\"elementor-image-box-description\">Th\u00e8me : Houill\u00e8res d'hier dans la boutonni\u00e8re.<\/p><\/div><\/div>\t\t\t\t<\/div>\n\t\t\t\t<\/div>\n\t\t\t\t\t<\/div>\n\t\t\t\t<\/div>\n\t\t<div class=\"elementor-element elementor-element-74d13d3 e-flex e-con-boxed e-con e-parent\" data-id=\"74d13d3\" data-element_type=\"container\" data-e-type=\"container\">\n\t\t\t\t\t<div class=\"e-con-inner\">\n\t\t\t\t<div class=\"elementor-element elementor-element-6ce92b8 elementor-position-right elementor-vertical-align-middle elementor-widget elementor-widget-image-box\" data-id=\"6ce92b8\" data-element_type=\"widget\" data-e-type=\"widget\" data-widget_type=\"image-box.default\">\n\t\t\t\t<div class=\"elementor-widget-container\">\n\t\t\t\t\t<div class=\"elementor-image-box-wrapper\"><figure class=\"elementor-image-box-img\"><img loading=\"lazy\" decoding=\"async\" width=\"400\" height=\"566\" src=\"https:\/\/acha-ardres.fr\/wp-content\/uploads\/2023\/12\/2018.jpg\" class=\"attachment-full size-full wp-image-732\" alt=\"\" srcset=\"https:\/\/acha-ardres.fr\/wp-content\/uploads\/2023\/12\/2018.jpg 400w, https:\/\/acha-ardres.fr\/wp-content\/uploads\/2023\/12\/2018-212x300.jpg 212w, https:\/\/acha-ardres.fr\/wp-content\/uploads\/2023\/12\/2018-106x150.jpg 106w\" sizes=\"(max-width: 400px) 100vw, 400px\" \/><\/figure><div class=\"elementor-image-box-content\"><h5 class=\"elementor-image-box-title\">Affiche des journ\u00e9es du patrimoine 2018<\/h5><p class=\"elementor-image-box-description\">Th\u00e8me : La Grande Guerre\n\n<br>\nAffiche : Jacqueline Brevi\u00e8re<\/p><\/div><\/div>\t\t\t\t<\/div>\n\t\t\t\t<\/div>\n\t\t\t\t\t<\/div>\n\t\t\t\t<\/div>\n\t\t<div class=\"elementor-element elementor-element-e29f125 e-flex e-con-boxed e-con e-parent\" data-id=\"e29f125\" data-element_type=\"container\" data-e-type=\"container\">\n\t\t\t\t\t<div class=\"e-con-inner\">\n\t\t\t\t<div class=\"elementor-element elementor-element-ec3422a elementor-position-left elementor-vertical-align-middle elementor-widget elementor-widget-image-box\" data-id=\"ec3422a\" data-element_type=\"widget\" data-e-type=\"widget\" data-widget_type=\"image-box.default\">\n\t\t\t\t<div class=\"elementor-widget-container\">\n\t\t\t\t\t<div class=\"elementor-image-box-wrapper\"><figure class=\"elementor-image-box-img\"><img loading=\"lazy\" decoding=\"async\" width=\"733\" height=\"566\" src=\"https:\/\/acha-ardres.fr\/wp-content\/uploads\/2023\/12\/2019.jpg\" class=\"attachment-full size-full wp-image-737\" alt=\"\" srcset=\"https:\/\/acha-ardres.fr\/wp-content\/uploads\/2023\/12\/2019.jpg 733w, https:\/\/acha-ardres.fr\/wp-content\/uploads\/2023\/12\/2019-300x232.jpg 300w, https:\/\/acha-ardres.fr\/wp-content\/uploads\/2023\/12\/2019-150x116.jpg 150w\" sizes=\"(max-width: 733px) 100vw, 733px\" \/><\/figure><div class=\"elementor-image-box-content\"><h5 class=\"elementor-image-box-title\">Affiche des journ\u00e9es du patrimoine 2019<\/h5><p class=\"elementor-image-box-description\">Th\u00e8me : Terroir et Chicor\u00e9e<\/p><\/div><\/div>\t\t\t\t<\/div>\n\t\t\t\t<\/div>\n\t\t\t\t\t<\/div>\n\t\t\t\t<\/div>\n\t\t<div class=\"elementor-element elementor-element-7af4d40 e-flex e-con-boxed e-con e-parent\" data-id=\"7af4d40\" data-element_type=\"container\" data-e-type=\"container\">\n\t\t\t\t\t<div class=\"e-con-inner\">\n\t\t\t\t<div class=\"elementor-element elementor-element-f30b6fa elementor-position-right elementor-vertical-align-middle elementor-widget elementor-widget-image-box\" data-id=\"f30b6fa\" data-element_type=\"widget\" data-e-type=\"widget\" data-widget_type=\"image-box.default\">\n\t\t\t\t<div class=\"elementor-widget-container\">\n\t\t\t\t\t<div class=\"elementor-image-box-wrapper\"><figure class=\"elementor-image-box-img\"><img loading=\"lazy\" decoding=\"async\" width=\"400\" height=\"566\" src=\"https:\/\/acha-ardres.fr\/wp-content\/uploads\/2023\/12\/2020-attestation-de-deplacement-derogatoire.jpg\" class=\"attachment-full size-full wp-image-741\" alt=\"\" srcset=\"https:\/\/acha-ardres.fr\/wp-content\/uploads\/2023\/12\/2020-attestation-de-deplacement-derogatoire.jpg 400w, https:\/\/acha-ardres.fr\/wp-content\/uploads\/2023\/12\/2020-attestation-de-deplacement-derogatoire-212x300.jpg 212w, https:\/\/acha-ardres.fr\/wp-content\/uploads\/2023\/12\/2020-attestation-de-deplacement-derogatoire-106x150.jpg 106w\" sizes=\"(max-width: 400px) 100vw, 400px\" \/><\/figure><div class=\"elementor-image-box-content\"><h5 class=\"elementor-image-box-title\">Pas de journ\u00e9es du patrimoine en 2020<\/h5><p class=\"elementor-image-box-description\">Pand\u00e9mie de Covid 19<\/p><\/div><\/div>\t\t\t\t<\/div>\n\t\t\t\t<\/div>\n\t\t\t\t\t<\/div>\n\t\t\t\t<\/div>\n\t\t<div class=\"elementor-element elementor-element-4d17e39 e-flex e-con-boxed e-con e-parent\" data-id=\"4d17e39\" data-element_type=\"container\" data-e-type=\"container\">\n\t\t\t\t\t<div class=\"e-con-inner\">\n\t\t\t\t<div class=\"elementor-element elementor-element-661f51e elementor-position-left elementor-vertical-align-middle elementor-widget elementor-widget-image-box\" data-id=\"661f51e\" data-element_type=\"widget\" data-e-type=\"widget\" data-widget_type=\"image-box.default\">\n\t\t\t\t<div class=\"elementor-widget-container\">\n\t\t\t\t\t<div class=\"elementor-image-box-wrapper\"><figure class=\"elementor-image-box-img\"><img loading=\"lazy\" decoding=\"async\" width=\"400\" height=\"566\" src=\"https:\/\/acha-ardres.fr\/wp-content\/uploads\/2023\/12\/2021.jpg\" class=\"attachment-full size-full wp-image-751\" alt=\"\" srcset=\"https:\/\/acha-ardres.fr\/wp-content\/uploads\/2023\/12\/2021.jpg 400w, https:\/\/acha-ardres.fr\/wp-content\/uploads\/2023\/12\/2021-212x300.jpg 212w, https:\/\/acha-ardres.fr\/wp-content\/uploads\/2023\/12\/2021-106x150.jpg 106w\" sizes=\"(max-width: 400px) 100vw, 400px\" \/><\/figure><div class=\"elementor-image-box-content\"><h5 class=\"elementor-image-box-title\">Affiche des journ\u00e9es du patrimoine 2021<\/h5><p class=\"elementor-image-box-description\">Th\u00e8me : Les voies ferr\u00e9es\n<br>\nAffiche Patricia Meurisse<\/p><\/div><\/div>\t\t\t\t<\/div>\n\t\t\t\t<\/div>\n\t\t\t\t\t<\/div>\n\t\t\t\t<\/div>\n\t\t<div class=\"elementor-element elementor-element-e5ec457 e-flex e-con-boxed e-con e-parent\" data-id=\"e5ec457\" data-element_type=\"container\" data-e-type=\"container\">\n\t\t\t\t\t<div class=\"e-con-inner\">\n\t\t\t\t<div class=\"elementor-element elementor-element-03754f0 elementor-position-right elementor-vertical-align-middle elementor-widget elementor-widget-image-box\" data-id=\"03754f0\" data-element_type=\"widget\" data-e-type=\"widget\" data-widget_type=\"image-box.default\">\n\t\t\t\t<div class=\"elementor-widget-container\">\n\t\t\t\t\t<div class=\"elementor-image-box-wrapper\"><figure class=\"elementor-image-box-img\"><img loading=\"lazy\" decoding=\"async\" width=\"400\" height=\"566\" src=\"https:\/\/acha-ardres.fr\/wp-content\/uploads\/2023\/12\/2022.jpg\" class=\"attachment-full size-full wp-image-764\" alt=\"\" srcset=\"https:\/\/acha-ardres.fr\/wp-content\/uploads\/2023\/12\/2022.jpg 400w, https:\/\/acha-ardres.fr\/wp-content\/uploads\/2023\/12\/2022-212x300.jpg 212w, https:\/\/acha-ardres.fr\/wp-content\/uploads\/2023\/12\/2022-106x150.jpg 106w\" sizes=\"(max-width: 400px) 100vw, 400px\" \/><\/figure><div class=\"elementor-image-box-content\"><h5 class=\"elementor-image-box-title\">Affiche des journ\u00e9es du patrimoine 2022<\/h5><p class=\"elementor-image-box-description\">Th\u00e8me : \"Demandez le programme !\"\n<br>\nAffiche Patricia Meurisse<\/p><\/div><\/div>\t\t\t\t<\/div>\n\t\t\t\t<\/div>\n\t\t\t\t\t<\/div>\n\t\t\t\t<\/div>\n\t\t<div class=\"elementor-element elementor-element-5f2c371 e-flex e-con-boxed e-con e-parent\" data-id=\"5f2c371\" data-element_type=\"container\" data-e-type=\"container\">\n\t\t\t\t\t<div class=\"e-con-inner\">\n\t\t\t\t<div class=\"elementor-element elementor-element-220aa83 elementor-position-left elementor-vertical-align-middle elementor-widget elementor-widget-image-box\" data-id=\"220aa83\" data-element_type=\"widget\" data-e-type=\"widget\" data-widget_type=\"image-box.default\">\n\t\t\t\t<div class=\"elementor-widget-container\">\n\t\t\t\t\t<div class=\"elementor-image-box-wrapper\"><figure class=\"elementor-image-box-img\"><a href=\"https:\/\/acha-ardres.fr\/?page_id=904\" tabindex=\"-1\"><img loading=\"lazy\" decoding=\"async\" width=\"400\" height=\"566\" src=\"https:\/\/acha-ardres.fr\/wp-content\/uploads\/2023\/12\/2023.jpg\" class=\"attachment-full size-full wp-image-768\" alt=\"\" srcset=\"https:\/\/acha-ardres.fr\/wp-content\/uploads\/2023\/12\/2023.jpg 400w, https:\/\/acha-ardres.fr\/wp-content\/uploads\/2023\/12\/2023-212x300.jpg 212w, https:\/\/acha-ardres.fr\/wp-content\/uploads\/2023\/12\/2023-106x150.jpg 106w\" sizes=\"(max-width: 400px) 100vw, 400px\" \/><\/a><\/figure><div class=\"elementor-image-box-content\"><h5 class=\"elementor-image-box-title\"><a href=\"https:\/\/acha-ardres.fr\/?page_id=904\">Affiche des journ\u00e9es du patrimoine 2023<\/a><\/h5><p class=\"elementor-image-box-description\">Th\u00e8me : La chapelle de l'Annonciation\n<br>\nAffiche Patricia Meurisse<\/p><\/div><\/div>\t\t\t\t<\/div>\n\t\t\t\t<\/div>\n\t\t\t\t\t<\/div>\n\t\t\t\t<\/div>\n\t\t<div class=\"elementor-element elementor-element-b62a985 e-flex e-con-boxed e-con e-parent\" data-id=\"b62a985\" data-element_type=\"container\" data-e-type=\"container\">\n\t\t\t\t\t<div class=\"e-con-inner\">\n\t\t\t\t<div class=\"elementor-element elementor-element-2bf9506 elementor-position-right elementor-vertical-align-middle elementor-widget elementor-widget-image-box\" data-id=\"2bf9506\" data-element_type=\"widget\" data-e-type=\"widget\" data-widget_type=\"image-box.default\">\n\t\t\t\t<div class=\"elementor-widget-container\">\n\t\t\t\t\t<div class=\"elementor-image-box-wrapper\"><figure class=\"elementor-image-box-img\"><img loading=\"lazy\" decoding=\"async\" width=\"400\" height=\"566\" src=\"https:\/\/acha-ardres.fr\/wp-content\/uploads\/2024\/09\/2024-JEP.jpg\" class=\"attachment-full size-full wp-image-7074\" alt=\"\" srcset=\"https:\/\/acha-ardres.fr\/wp-content\/uploads\/2024\/09\/2024-JEP.jpg 400w, https:\/\/acha-ardres.fr\/wp-content\/uploads\/2024\/09\/2024-JEP-212x300.jpg 212w, https:\/\/acha-ardres.fr\/wp-content\/uploads\/2024\/09\/2024-JEP-106x150.jpg 106w\" sizes=\"(max-width: 400px) 100vw, 400px\" \/><\/figure><div class=\"elementor-image-box-content\"><h5 class=\"elementor-image-box-title\">Affiche des journ\u00e9es du patrimoine 2024<\/h5><p class=\"elementor-image-box-description\">Th\u00e8me : \"Le g\u00e9ant Fran\u00e7ois premier f\u00eate ses trente ans!\"\n<br>\nAffiche Patricia Meurisse<\/p><\/div><\/div>\t\t\t\t<\/div>\n\t\t\t\t<\/div>\n\t\t\t\t\t<\/div>\n\t\t\t\t<\/div>\n\t\t<div class=\"elementor-element elementor-element-669e838 e-flex e-con-boxed e-con e-parent\" data-id=\"669e838\" data-element_type=\"container\" data-e-type=\"container\">\n\t\t\t\t\t<div class=\"e-con-inner\">\n\t\t\t\t<div class=\"elementor-element elementor-element-b47b39f elementor-widget-divider--view-line elementor-widget elementor-widget-divider\" data-id=\"b47b39f\" data-element_type=\"widget\" data-e-type=\"widget\" data-widget_type=\"divider.default\">\n\t\t\t\t<div class=\"elementor-widget-container\">\n\t\t\t\t\t\t\t<div class=\"elementor-divider\">\n\t\t\t<span class=\"elementor-divider-separator\">\n\t\t\t\t\t\t<\/span>\n\t\t<\/div>\n\t\t\t\t\t\t<\/div>\n\t\t\t\t<\/div>\n\t\t\t\t\t<\/div>\n\t\t\t\t<\/div>\n\t\t<div class=\"elementor-element elementor-element-4ec0bbe e-flex e-con-boxed e-con e-parent\" data-id=\"4ec0bbe\" data-element_type=\"container\" data-e-type=\"container\">\n\t\t\t\t\t<div class=\"e-con-inner\">\n\t\t\t\t<div class=\"elementor-element elementor-element-42a0809 elementor-widget elementor-widget-text-editor\" data-id=\"42a0809\" data-element_type=\"widget\" data-e-type=\"widget\" data-widget_type=\"text-editor.default\">\n\t\t\t\t<div class=\"elementor-widget-container\">\n\t\t\t\t\t\t\t\t\t<p><em>Pour acc\u00e9der aux d\u00e9tails concernant les Journ\u00e9es du Patrimoine\u00a0<strong>depuis 2007<\/strong>, cliquez sur l&rsquo;affiche qui vous int\u00e9resse.<\/em><\/p>\t\t\t\t\t\t\t\t<\/div>\n\t\t\t\t<\/div>\n\t\t\t\t\t<\/div>\n\t\t\t\t<\/div>\n\t\t<div class=\"elementor-element elementor-element-edbe20e e-flex e-con-boxed e-con e-parent\" data-id=\"edbe20e\" data-element_type=\"container\" data-e-type=\"container\">\n\t\t\t\t\t<div class=\"e-con-inner\">\n\t\t\t\t<div class=\"elementor-element elementor-element-0da5f3e elementor-widget-divider--view-line elementor-widget elementor-widget-divider\" data-id=\"0da5f3e\" data-element_type=\"widget\" data-e-type=\"widget\" data-widget_type=\"divider.default\">\n\t\t\t\t<div class=\"elementor-widget-container\">\n\t\t\t\t\t\t\t<div class=\"elementor-divider\">\n\t\t\t<span class=\"elementor-divider-separator\">\n\t\t\t\t\t\t<\/span>\n\t\t<\/div>\n\t\t\t\t\t\t<\/div>\n\t\t\t\t<\/div>\n\t\t\t\t\t<\/div>\n\t\t\t\t<\/div>\n\t\t<div class=\"elementor-element elementor-element-9b91807 e-con-full e-flex e-con e-parent\" data-id=\"9b91807\" data-element_type=\"container\" data-e-type=\"container\">\n\t\t<div class=\"elementor-element elementor-element-48e98a6 e-con-full e-flex e-con e-child\" data-id=\"48e98a6\" data-element_type=\"container\" data-e-type=\"container\">\n\t\t\t\t<div class=\"elementor-element elementor-element-189aa19 elementor-widget elementor-widget-text-editor\" data-id=\"189aa19\" data-element_type=\"widget\" data-e-type=\"widget\" data-widget_type=\"text-editor.default\">\n\t\t\t\t<div class=\"elementor-widget-container\">\n\t\t\t\t\t\t\t\t\t<p>Affiches <a href=\"#Affiche_A\">1987 \u00e0 1996<\/a><\/p>\t\t\t\t\t\t\t\t<\/div>\n\t\t\t\t<\/div>\n\t\t\t\t<\/div>\n\t\t<div class=\"elementor-element elementor-element-cd8c0b3 e-con-full e-flex e-con e-child\" data-id=\"cd8c0b3\" data-element_type=\"container\" data-e-type=\"container\">\n\t\t\t\t<div class=\"elementor-element elementor-element-87f8cea elementor-widget elementor-widget-text-editor\" data-id=\"87f8cea\" data-element_type=\"widget\" data-e-type=\"widget\" data-widget_type=\"text-editor.default\">\n\t\t\t\t<div class=\"elementor-widget-container\">\n\t\t\t\t\t\t\t\t\t<p>Affiches <a href=\"#Affiche_B\">1997 \u00e0 2006<\/a><\/p>\t\t\t\t\t\t\t\t<\/div>\n\t\t\t\t<\/div>\n\t\t\t\t<\/div>\n\t\t<div class=\"elementor-element elementor-element-70f49e7 e-con-full e-flex e-con e-child\" data-id=\"70f49e7\" data-element_type=\"container\" data-e-type=\"container\">\n\t\t\t\t<div class=\"elementor-element elementor-element-cb0e5a7 elementor-widget elementor-widget-text-editor\" data-id=\"cb0e5a7\" data-element_type=\"widget\" data-e-type=\"widget\" data-widget_type=\"text-editor.default\">\n\t\t\t\t<div class=\"elementor-widget-container\">\n\t\t\t\t\t\t\t\t\t<p>Affiches <a href=\"#pointc\">2007 \u00e0 2016<\/a><\/p>\t\t\t\t\t\t\t\t<\/div>\n\t\t\t\t<\/div>\n\t\t\t\t<\/div>\n\t\t<div class=\"elementor-element elementor-element-4d7c6de e-con-full e-flex e-con e-child\" data-id=\"4d7c6de\" data-element_type=\"container\" data-e-type=\"container\">\n\t\t\t\t<div class=\"elementor-element elementor-element-642653c elementor-widget elementor-widget-text-editor\" data-id=\"642653c\" data-element_type=\"widget\" data-e-type=\"widget\" data-widget_type=\"text-editor.default\">\n\t\t\t\t<div class=\"elementor-widget-container\">\n\t\t\t\t\t\t\t\t\t<p>Affiches <a href=\"#placed\">2017 \u00e0\u00a0 2024<\/a><\/p>\t\t\t\t\t\t\t\t<\/div>\n\t\t\t\t<\/div>\n\t\t\t\t<\/div>\n\t\t\t\t<\/div>\n\t\t<div class=\"elementor-element elementor-element-bb85b4e e-flex e-con-boxed e-con e-parent\" data-id=\"bb85b4e\" data-element_type=\"container\" data-e-type=\"container\">\n\t\t\t\t\t<div class=\"e-con-inner\">\n\t\t<div class=\"elementor-element elementor-element-60dee83 e-con-full e-flex e-con e-child\" data-id=\"60dee83\" data-element_type=\"container\" data-e-type=\"container\">\n\t\t\t\t<div class=\"elementor-element elementor-element-b2c406d elementor-align-center elementor-widget elementor-widget-button\" data-id=\"b2c406d\" data-element_type=\"widget\" data-e-type=\"widget\" data-widget_type=\"button.default\">\n\t\t\t\t<div class=\"elementor-widget-container\">\n\t\t\t\t\t\t\t\t\t<div class=\"elementor-button-wrapper\">\n\t\t\t\t\t<a class=\"elementor-button elementor-button-link elementor-size-sm\" href=\"https:\/\/acha-ardres.fr\/?page_id=21\">\n\t\t\t\t\t\t<span class=\"elementor-button-content-wrapper\">\n\t\t\t\t\t\t\t\t\t<span class=\"elementor-button-text\">Le patrimoine<\/span>\n\t\t\t\t\t<\/span>\n\t\t\t\t\t<\/a>\n\t\t\t\t<\/div>\n\t\t\t\t\t\t\t\t<\/div>\n\t\t\t\t<\/div>\n\t\t\t\t<\/div>\n\t\t<div class=\"elementor-element elementor-element-57c9170 e-con-full e-flex e-con e-child\" data-id=\"57c9170\" data-element_type=\"container\" data-e-type=\"container\">\n\t\t\t\t<div class=\"elementor-element elementor-element-f39b342 elementor-align-center elementor-widget elementor-widget-button\" data-id=\"f39b342\" data-element_type=\"widget\" data-e-type=\"widget\" data-widget_type=\"button.default\">\n\t\t\t\t<div class=\"elementor-widget-container\">\n\t\t\t\t\t\t\t\t\t<div class=\"elementor-button-wrapper\">\n\t\t\t\t\t<a class=\"elementor-button elementor-button-link elementor-size-sm\" href=\"https:\/\/acha-ardres.fr\/?page_id=4534\">\n\t\t\t\t\t\t<span class=\"elementor-button-content-wrapper\">\n\t\t\t\t\t\t\t\t\t<span class=\"elementor-button-text\">JEP en r\u00e9sum\u00e9s<\/span>\n\t\t\t\t\t<\/span>\n\t\t\t\t\t<\/a>\n\t\t\t\t<\/div>\n\t\t\t\t\t\t\t\t<\/div>\n\t\t\t\t<\/div>\n\t\t\t\t<\/div>\n\t\t<div class=\"elementor-element elementor-element-c3809cc e-con-full e-flex e-con e-child\" data-id=\"c3809cc\" data-element_type=\"container\" data-e-type=\"container\">\n\t\t\t\t<div class=\"elementor-element elementor-element-281dee3 elementor-align-center elementor-widget elementor-widget-button\" data-id=\"281dee3\" data-element_type=\"widget\" data-e-type=\"widget\" data-widget_type=\"button.default\">\n\t\t\t\t<div class=\"elementor-widget-container\">\n\t\t\t\t\t\t\t\t\t<div class=\"elementor-button-wrapper\">\n\t\t\t\t\t<a class=\"elementor-button elementor-button-link elementor-size-sm\" href=\"https:\/\/acha-ardres.fr\/?page_id=490\">\n\t\t\t\t\t\t<span class=\"elementor-button-content-wrapper\">\n\t\t\t\t\t\t\t\t\t<span class=\"elementor-button-text\">Les monuments<\/span>\n\t\t\t\t\t<\/span>\n\t\t\t\t\t<\/a>\n\t\t\t\t<\/div>\n\t\t\t\t\t\t\t\t<\/div>\n\t\t\t\t<\/div>\n\t\t\t\t<\/div>\n\t\t<div class=\"elementor-element elementor-element-791dc72 e-con-full e-flex e-con e-child\" data-id=\"791dc72\" data-element_type=\"container\" data-e-type=\"container\">\n\t\t\t\t<div class=\"elementor-element elementor-element-f76c854 elementor-align-center elementor-widget elementor-widget-button\" data-id=\"f76c854\" data-element_type=\"widget\" data-e-type=\"widget\" data-widget_type=\"button.default\">\n\t\t\t\t<div class=\"elementor-widget-container\">\n\t\t\t\t\t\t\t\t\t<div class=\"elementor-button-wrapper\">\n\t\t\t\t\t<a class=\"elementor-button elementor-button-link elementor-size-sm\" href=\"https:\/\/acha-ardres.fr\/?page_id=492\">\n\t\t\t\t\t\t<span class=\"elementor-button-content-wrapper\">\n\t\t\t\t\t\t\t\t\t<span class=\"elementor-button-text\">Les lieux<\/span>\n\t\t\t\t\t<\/span>\n\t\t\t\t\t<\/a>\n\t\t\t\t<\/div>\n\t\t\t\t\t\t\t\t<\/div>\n\t\t\t\t<\/div>\n\t\t\t\t<\/div>\n\t\t\t\t\t<\/div>\n\t\t\t\t<\/div>\n\t\t<div class=\"elementor-element elementor-element-5206df9 e-flex e-con-boxed e-con e-parent\" data-id=\"5206df9\" data-element_type=\"container\" data-e-type=\"container\">\n\t\t\t\t\t<div class=\"e-con-inner\">\n\t\t\t\t<div class=\"elementor-element elementor-element-e0523b1 elementor-widget elementor-widget-copyright\" data-id=\"e0523b1\" data-element_type=\"widget\" data-e-type=\"widget\" data-widget_type=\"copyright.default\">\n\t\t\t\t<div class=\"elementor-widget-container\">\n\t\t\t\t\t\t\t<div class=\"hfe-copyright-wrapper\">\n\t\t\t\t\t\t\t<span>Copyright \u00a9 2026  A C H A   | <\/span>\n\t\t\t\t\t<\/div>\n\t\t\t\t\t\t<\/div>\n\t\t\t\t<\/div>\n\t\t\t\t\t<\/div>\n\t\t\t\t<\/div>\n\t\t<div class=\"elementor-element elementor-element-7b6560b e-flex e-con-boxed e-con e-parent\" data-id=\"7b6560b\" data-element_type=\"container\" data-e-type=\"container\">\n\t\t\t\t\t<div class=\"e-con-inner\">\n\t\t\t\t<div class=\"elementor-element elementor-element-18985c4 elementor-widget elementor-widget-site-logo\" data-id=\"18985c4\" data-element_type=\"widget\" data-e-type=\"widget\" data-settings=\"{&quot;align&quot;:&quot;center&quot;,&quot;width&quot;:{&quot;unit&quot;:&quot;%&quot;,&quot;size&quot;:&quot;&quot;,&quot;sizes&quot;:[]},&quot;width_tablet&quot;:{&quot;unit&quot;:&quot;%&quot;,&quot;size&quot;:&quot;&quot;,&quot;sizes&quot;:[]},&quot;width_mobile&quot;:{&quot;unit&quot;:&quot;%&quot;,&quot;size&quot;:&quot;&quot;,&quot;sizes&quot;:[]},&quot;space&quot;:{&quot;unit&quot;:&quot;%&quot;,&quot;size&quot;:&quot;&quot;,&quot;sizes&quot;:[]},&quot;space_tablet&quot;:{&quot;unit&quot;:&quot;%&quot;,&quot;size&quot;:&quot;&quot;,&quot;sizes&quot;:[]},&quot;space_mobile&quot;:{&quot;unit&quot;:&quot;%&quot;,&quot;size&quot;:&quot;&quot;,&quot;sizes&quot;:[]},&quot;image_border_radius&quot;:{&quot;unit&quot;:&quot;px&quot;,&quot;top&quot;:&quot;&quot;,&quot;right&quot;:&quot;&quot;,&quot;bottom&quot;:&quot;&quot;,&quot;left&quot;:&quot;&quot;,&quot;isLinked&quot;:true},&quot;image_border_radius_tablet&quot;:{&quot;unit&quot;:&quot;px&quot;,&quot;top&quot;:&quot;&quot;,&quot;right&quot;:&quot;&quot;,&quot;bottom&quot;:&quot;&quot;,&quot;left&quot;:&quot;&quot;,&quot;isLinked&quot;:true},&quot;image_border_radius_mobile&quot;:{&quot;unit&quot;:&quot;px&quot;,&quot;top&quot;:&quot;&quot;,&quot;right&quot;:&quot;&quot;,&quot;bottom&quot;:&quot;&quot;,&quot;left&quot;:&quot;&quot;,&quot;isLinked&quot;:true},&quot;caption_padding&quot;:{&quot;unit&quot;:&quot;px&quot;,&quot;top&quot;:&quot;&quot;,&quot;right&quot;:&quot;&quot;,&quot;bottom&quot;:&quot;&quot;,&quot;left&quot;:&quot;&quot;,&quot;isLinked&quot;:true},&quot;caption_padding_tablet&quot;:{&quot;unit&quot;:&quot;px&quot;,&quot;top&quot;:&quot;&quot;,&quot;right&quot;:&quot;&quot;,&quot;bottom&quot;:&quot;&quot;,&quot;left&quot;:&quot;&quot;,&quot;isLinked&quot;:true},&quot;caption_padding_mobile&quot;:{&quot;unit&quot;:&quot;px&quot;,&quot;top&quot;:&quot;&quot;,&quot;right&quot;:&quot;&quot;,&quot;bottom&quot;:&quot;&quot;,&quot;left&quot;:&quot;&quot;,&quot;isLinked&quot;:true},&quot;caption_space&quot;:{&quot;unit&quot;:&quot;px&quot;,&quot;size&quot;:0,&quot;sizes&quot;:[]},&quot;caption_space_tablet&quot;:{&quot;unit&quot;:&quot;px&quot;,&quot;size&quot;:&quot;&quot;,&quot;sizes&quot;:[]},&quot;caption_space_mobile&quot;:{&quot;unit&quot;:&quot;px&quot;,&quot;size&quot;:&quot;&quot;,&quot;sizes&quot;:[]}}\" data-widget_type=\"site-logo.default\">\n\t\t\t\t<div class=\"elementor-widget-container\">\n\t\t\t\t\t\t\t<div class=\"hfe-site-logo\">\n\t\t\t\t\t\t\t\t\t\t\t\t\t<a data-elementor-open-lightbox=\"\"  class='elementor-clickable' href=\"https:\/\/acha-ardres.fr\">\n\t\t\t\t\t\t\t<div class=\"hfe-site-logo-set\">           \n\t\t\t\t<div class=\"hfe-site-logo-container\">\n\t\t\t\t\t\t\t\t\t<img decoding=\"async\" class=\"hfe-site-logo-img elementor-animation-\"  src=\"https:\/\/acha-ardres.fr\/wp-content\/uploads\/2024\/02\/logo-officiel2010-bordeau_ok_half_rotation_small-300x201.jpg\" alt=\"logo officiel2010 bordeau_ok_half_rotation_small\"\/>\n\t\t\t\t<\/div>\n\t\t\t<\/div>\n\t\t\t\t\t\t\t<\/a>\n\t\t\t\t\t\t<\/div>  \n\t\t\t\t\t\t\t<\/div>\n\t\t\t\t<\/div>\n\t\t\t\t\t<\/div>\n\t\t\t\t<\/div>\n\t\t\t\t<\/div>\n\t\t","protected":false},"excerpt":{"rendered":"<p>Depuis sa cr\u00e9ation en 1986, l&rsquo;ACHA a particip\u00e9 chaque ann\u00e9e, dans l&rsquo;esprit du th\u00e8me national, aux journ\u00e9es du patrimoine.Elle a propos\u00e9 des visites du patrimoine [&#8230;]<\/p>\n","protected":false},"author":3,"featured_media":0,"parent":0,"menu_order":0,"comment_status":"closed","ping_status":"closed","template":"","meta":{"footnotes":""},"class_list":["post-484","page","type-page","status-publish","hentry"],"_links":{"self":[{"href":"https:\/\/acha-ardres.fr\/index.php?rest_route=\/wp\/v2\/pages\/484","targetHints":{"allow":["GET"]}}],"collection":[{"href":"https:\/\/acha-ardres.fr\/index.php?rest_route=\/wp\/v2\/pages"}],"about":[{"href":"https:\/\/acha-ardres.fr\/index.php?rest_route=\/wp\/v2\/types\/page"}],"author":[{"embeddable":true,"href":"https:\/\/acha-ardres.fr\/index.php?rest_route=\/wp\/v2\/users\/3"}],"replies":[{"embeddable":true,"href":"https:\/\/acha-ardres.fr\/index.php?rest_route=%2Fwp%2Fv2%2Fcomments&post=484"}],"version-history":[{"count":6,"href":"https:\/\/acha-ardres.fr\/index.php?rest_route=\/wp\/v2\/pages\/484\/revisions"}],"predecessor-version":[{"id":11638,"href":"https:\/\/acha-ardres.fr\/index.php?rest_route=\/wp\/v2\/pages\/484\/revisions\/11638"}],"wp:attachment":[{"href":"https:\/\/acha-ardres.fr\/index.php?rest_route=%2Fwp%2Fv2%2Fmedia&parent=484"}],"curies":[{"name":"wp","href":"https:\/\/api.w.org\/{rel}","templated":true}]}}