{"id":2448,"date":"2024-01-20T00:05:18","date_gmt":"2024-01-19T23:05:18","guid":{"rendered":"https:\/\/acha-ardres.fr\/?page_id=2448"},"modified":"2024-03-05T14:47:12","modified_gmt":"2024-03-05T13:47:12","slug":"journees-du-patrimoine-2017","status":"publish","type":"page","link":"https:\/\/acha-ardres.fr\/?page_id=2448","title":{"rendered":"Journ\u00e9es du Patrimoine 2017"},"content":{"rendered":"\t\t<div data-elementor-type=\"wp-page\" data-elementor-id=\"2448\" class=\"elementor elementor-2448\">\n\t\t\t\t<div class=\"elementor-element elementor-element-aaa564e e-flex e-con-boxed e-con e-parent\" data-id=\"aaa564e\" data-element_type=\"container\" data-e-type=\"container\">\n\t\t\t\t\t<div class=\"e-con-inner\">\n\t\t\t\t<div class=\"elementor-element elementor-element-c7291c2 elementor-widget elementor-widget-heading\" data-id=\"c7291c2\" data-element_type=\"widget\" data-e-type=\"widget\" data-widget_type=\"heading.default\">\n\t\t\t\t<div class=\"elementor-widget-container\">\n\t\t\t\t\t<h4 class=\"elementor-heading-title elementor-size-default\">Circuit \u00ab Houill\u00e8res d\u2019hier dans la Boutonni\u00e8re \u00bb du 17 septembre 2017.<\/h4>\t\t\t\t<\/div>\n\t\t\t\t<\/div>\n\t\t\t\t\t<\/div>\n\t\t\t\t<\/div>\n\t\t<div class=\"elementor-element elementor-element-1275fc7 e-flex e-con-boxed e-con e-parent\" data-id=\"1275fc7\" data-element_type=\"container\" data-e-type=\"container\">\n\t\t\t\t\t<div class=\"e-con-inner\">\n\t\t\t\t<div class=\"elementor-element elementor-element-29374d7 elementor-position-left elementor-vertical-align-middle elementor-widget elementor-widget-image-box\" data-id=\"29374d7\" data-element_type=\"widget\" data-e-type=\"widget\" data-widget_type=\"image-box.default\">\n\t\t\t\t<div class=\"elementor-widget-container\">\n\t\t\t\t\t<div class=\"elementor-image-box-wrapper\"><figure class=\"elementor-image-box-img\"><img fetchpriority=\"high\" decoding=\"async\" width=\"878\" height=\"696\" src=\"https:\/\/acha-ardres.fr\/wp-content\/uploads\/2024\/01\/hangar-avion.jpg\" class=\"attachment-full size-full wp-image-3587\" alt=\"\" srcset=\"https:\/\/acha-ardres.fr\/wp-content\/uploads\/2024\/01\/hangar-avion.jpg 878w, https:\/\/acha-ardres.fr\/wp-content\/uploads\/2024\/01\/hangar-avion-300x238.jpg 300w, https:\/\/acha-ardres.fr\/wp-content\/uploads\/2024\/01\/hangar-avion-150x119.jpg 150w, https:\/\/acha-ardres.fr\/wp-content\/uploads\/2024\/01\/hangar-avion-768x609.jpg 768w\" sizes=\"(max-width: 878px) 100vw, 878px\" \/><\/figure><div class=\"elementor-image-box-content\"><h3 class=\"elementor-image-box-title\">La premi\u00e8re \u00e9tape  nous a amen\u00e9s \u00e0 Campagne-l\u00e8s-Gu\u00eenes :<\/h3><p class=\"elementor-image-box-description\">Ce village entre plaine maritime et derniers contreforts de l\u2019Artois s\u2019enorgueillit  de l\u2019existence de quatre ch\u00e2teaux, d\u2019avoir \u00e9t\u00e9 le lieu de rencontre des festivit\u00e9s du Camp du Drap d\u2019Or en 1520, d\u2019avoir \u00e9t\u00e9 zone frontali\u00e8re entre le PALE anglais et le royaume de France pendant plus de deux si\u00e8cles. Quelques personnalit\u00e9s l\u2019ont habit\u00e9  dont le renom nous est parvenu  et ont nourri notre parcours d\u2019anecdotes. L\u2019existence de deux a\u00e9rodromes : l\u2019un am\u00e9ricain, en 1918 (dont l\u2019ACHA a fait conna\u00eetre l\u2019existence et d\u00e9termin\u00e9 l\u2019emplacement) et l\u2019autre allemand, en fonction d\u00e9s 1940 dont il reste une piste b\u00e9tonn\u00e9e et un hangar, ont fait l\u2019objet\nde commentaires au passage. \n<\/p><\/div><\/div>\t\t\t\t<\/div>\n\t\t\t\t<\/div>\n\t\t\t\t\t<\/div>\n\t\t\t\t<\/div>\n\t\t<div class=\"elementor-element elementor-element-f16045b e-flex e-con-boxed e-con e-parent\" data-id=\"f16045b\" data-element_type=\"container\" data-e-type=\"container\">\n\t\t\t\t\t<div class=\"e-con-inner\">\n\t\t\t\t<div class=\"elementor-element elementor-element-8f32d5c elementor-widget elementor-widget-text-editor\" data-id=\"8f32d5c\" data-element_type=\"widget\" data-e-type=\"widget\" data-widget_type=\"text-editor.default\">\n\t\t\t\t<div class=\"elementor-widget-container\">\n\t\t\t\t\t\t\t\t\t<p>La <strong>premi\u00e8re halte<\/strong> au ch\u00e2teau du <span style=\"color: #000000;\">Val Dor\u00e9<\/span> nous a permis de d\u00e9couvrir une propri\u00e9t\u00e9 comprenant, ch\u00e2teau, et d\u00e9pendances au milieu d\u2019un grand parc arbor\u00e9 de 3ha 50. La construction principale remonte au XVIII\u00e8me si\u00e8cle, elle a subi plusieurs agrandissements tout en sauvegardant des proportions tr\u00e8s agr\u00e9ables. La blancheur des murs, le noir verniss\u00e9 des tuiles de la toiture, les fen\u00eatres \u00e0 guillotine respectant les proportions du nombre d\u2019or, le fronton triangulaire \u00e0 oculus, conf\u00e8rent un charme ind\u00e9niable \u00e0 l\u2019ensemble.<\/p>\t\t\t\t\t\t\t\t<\/div>\n\t\t\t\t<\/div>\n\t\t\t\t\t<\/div>\n\t\t\t\t<\/div>\n\t\t<div class=\"elementor-element elementor-element-679a91b e-flex e-con-boxed e-con e-parent\" data-id=\"679a91b\" data-element_type=\"container\" data-e-type=\"container\">\n\t\t\t\t\t<div class=\"e-con-inner\">\n\t\t\t\t<div class=\"elementor-element elementor-element-a6c7bee elementor-widget elementor-widget-image\" data-id=\"a6c7bee\" data-element_type=\"widget\" data-e-type=\"widget\" data-widget_type=\"image.default\">\n\t\t\t\t<div class=\"elementor-widget-container\">\n\t\t\t\t\t\t\t\t\t\t\t\t\t\t\t<img decoding=\"async\" width=\"900\" height=\"273\" src=\"https:\/\/acha-ardres.fr\/wp-content\/uploads\/2024\/01\/val-dore-1024x311.jpg\" class=\"attachment-large size-large wp-image-3518\" alt=\"\" srcset=\"https:\/\/acha-ardres.fr\/wp-content\/uploads\/2024\/01\/val-dore-1024x311.jpg 1024w, https:\/\/acha-ardres.fr\/wp-content\/uploads\/2024\/01\/val-dore-300x91.jpg 300w, https:\/\/acha-ardres.fr\/wp-content\/uploads\/2024\/01\/val-dore-150x45.jpg 150w, https:\/\/acha-ardres.fr\/wp-content\/uploads\/2024\/01\/val-dore-768x233.jpg 768w, https:\/\/acha-ardres.fr\/wp-content\/uploads\/2024\/01\/val-dore.jpg 1075w\" sizes=\"(max-width: 900px) 100vw, 900px\" \/>\t\t\t\t\t\t\t\t\t\t\t\t\t\t\t<\/div>\n\t\t\t\t<\/div>\n\t\t\t\t\t<\/div>\n\t\t\t\t<\/div>\n\t\t<div class=\"elementor-element elementor-element-363d30b e-flex e-con-boxed e-con e-parent\" data-id=\"363d30b\" data-element_type=\"container\" data-e-type=\"container\">\n\t\t\t\t\t<div class=\"e-con-inner\">\n\t\t\t\t<div class=\"elementor-element elementor-element-10425e4 elementor-widget elementor-widget-text-editor\" data-id=\"10425e4\" data-element_type=\"widget\" data-e-type=\"widget\" data-widget_type=\"text-editor.default\">\n\t\t\t\t<div class=\"elementor-widget-container\">\n\t\t\t\t\t\t\t\t\t<p><img decoding=\"async\" class=\"alignleft wp-image-3528\" src=\"https:\/\/acha-ardres.fr\/wp-content\/uploads\/2024\/01\/val-dore-interieur-225x300.jpg\" alt=\"\" width=\"221\" height=\"295\" srcset=\"https:\/\/acha-ardres.fr\/wp-content\/uploads\/2024\/01\/val-dore-interieur-225x300.jpg 225w, https:\/\/acha-ardres.fr\/wp-content\/uploads\/2024\/01\/val-dore-interieur-112x150.jpg 112w, https:\/\/acha-ardres.fr\/wp-content\/uploads\/2024\/01\/val-dore-interieur.jpg 259w\" sizes=\"(max-width: 221px) 100vw, 221px\" \/>Les diff\u00e9rents propri\u00e9taires <img loading=\"lazy\" decoding=\"async\" class=\"alignright wp-image-3529\" src=\"https:\/\/acha-ardres.fr\/wp-content\/uploads\/2024\/01\/val-dore-maze.jpg\" alt=\"\" width=\"394\" height=\"295\" srcset=\"https:\/\/acha-ardres.fr\/wp-content\/uploads\/2024\/01\/val-dore-maze.jpg 462w, https:\/\/acha-ardres.fr\/wp-content\/uploads\/2024\/01\/val-dore-maze-300x225.jpg 300w, https:\/\/acha-ardres.fr\/wp-content\/uploads\/2024\/01\/val-dore-maze-150x112.jpg 150w\" sizes=\"(max-width: 394px) 100vw, 394px\" \/> se sont ing\u00e9ni\u00e9s \u00e0 adapter ce lieu \u00e0 chaque \u00e9poque sans rien lui faire perdre de son caract\u00e8re. Propri\u00e9t\u00e9 de famille, et lieu de vacances durant toute son enfance, M. Desmyt\u00e8rre en fait sa r\u00e9sidence principale. Un g\u00eete pour dix personnes a \u00e9t\u00e9 am\u00e9nag\u00e9 dans les communs, tout en respectant l\u00e0 aussi\u00a0 l&rsquo;authenticit\u00e9 et le style de la construction d&rsquo;origine.<\/p>\t\t\t\t\t\t\t\t<\/div>\n\t\t\t\t<\/div>\n\t\t\t\t\t<\/div>\n\t\t\t\t<\/div>\n\t\t<div class=\"elementor-element elementor-element-eaa7cc2 e-flex e-con-boxed e-con e-parent\" data-id=\"eaa7cc2\" data-element_type=\"container\" data-e-type=\"container\">\n\t\t\t\t\t<div class=\"e-con-inner\">\n\t\t\t\t<div class=\"elementor-element elementor-element-ff28ae9 e-transform elementor-widget elementor-widget-text-editor\" data-id=\"ff28ae9\" data-element_type=\"widget\" data-e-type=\"widget\" data-settings=\"{&quot;_transform_scale_effect&quot;:{&quot;unit&quot;:&quot;px&quot;,&quot;size&quot;:1,&quot;sizes&quot;:[]},&quot;_transform_scale_effect_tablet&quot;:{&quot;unit&quot;:&quot;px&quot;,&quot;size&quot;:&quot;&quot;,&quot;sizes&quot;:[]},&quot;_transform_scale_effect_mobile&quot;:{&quot;unit&quot;:&quot;px&quot;,&quot;size&quot;:&quot;&quot;,&quot;sizes&quot;:[]}}\" data-widget_type=\"text-editor.default\">\n\t\t\t\t<div class=\"elementor-widget-container\">\n\t\t\t\t\t\t\t\t\t<p><img loading=\"lazy\" decoding=\"async\" class=\"alignleft wp-image-3568\" src=\"https:\/\/acha-ardres.fr\/wp-content\/uploads\/2024\/01\/Eglise-campagne.jpg\" alt=\"\" width=\"415\" height=\"319\" srcset=\"https:\/\/acha-ardres.fr\/wp-content\/uploads\/2024\/01\/Eglise-campagne.jpg 805w, https:\/\/acha-ardres.fr\/wp-content\/uploads\/2024\/01\/Eglise-campagne-300x231.jpg 300w, https:\/\/acha-ardres.fr\/wp-content\/uploads\/2024\/01\/Eglise-campagne-150x115.jpg 150w, https:\/\/acha-ardres.fr\/wp-content\/uploads\/2024\/01\/Eglise-campagne-768x591.jpg 768w\" sizes=\"(max-width: 415px) 100vw, 415px\" \/>La <strong>deuxi\u00e8me halte<\/strong> dans ce qui est la 3<sup>\u00e8me<\/sup> \u00e9glise construite \u00e0 Campagne, nous a donn\u00e9 l\u2019illusion d\u2019un voyage dans le temps. L\u2019int\u00e9rieur de cette \u00e9glise n\u00e9ogothique d\u00e9di\u00e9e \u00e0 St Martin, a quelque chose d\u2019une relique. Elle a conserv\u00e9 nombre d\u2019\u00e9l\u00e9ments que d\u2019autres \u00e9glises ont fait peu \u00e0 peu dispara\u00eetre\u00a0: plaques de fondation et de b\u00e9n\u00e9diction de la construction, confessionnal et cuve de chaire n\u00e9ogothiques de qualit\u00e9, tapis d\u00e9roul\u00e9 de l\u2019entr\u00e9e \u00a0 au ch\u0153ur, chemin de croix de pl\u00e2tre peint en blanc soulign\u00e9 d\u2019un filet dor\u00e9. Il ne faudrait pas oublier, les neuf statues saint-sulpiciennes r\u00e9cemment repeintes par un sp\u00e9cialiste \u00e0 la demande de l\u2019association paroissiale dynamique : \u00ab les Amis de Saint Martin \u00bb. Tout cet ensemble, sublim\u00e9 par la lumi\u00e8re filtr\u00e9e \u00e0 travers les vitraux des ateliers Latteux-Bazin, a beaucoup surpris et a \u00e9t\u00e9 tr\u00e8s appr\u00e9ci\u00e9.<\/p>\t\t\t\t\t\t\t\t<\/div>\n\t\t\t\t<\/div>\n\t\t\t\t\t<\/div>\n\t\t\t\t<\/div>\n\t\t<div class=\"elementor-element elementor-element-bec9152 e-flex e-con-boxed e-con e-parent\" data-id=\"bec9152\" data-element_type=\"container\" data-e-type=\"container\">\n\t\t\t\t\t<div class=\"e-con-inner\">\n\t\t\t\t<div class=\"elementor-element elementor-element-f6ac6af elementor-widget elementor-widget-image\" data-id=\"f6ac6af\" data-element_type=\"widget\" data-e-type=\"widget\" data-widget_type=\"image.default\">\n\t\t\t\t<div class=\"elementor-widget-container\">\n\t\t\t\t\t\t\t\t\t\t\t\t\t\t\t<img loading=\"lazy\" decoding=\"async\" width=\"900\" height=\"502\" src=\"https:\/\/acha-ardres.fr\/wp-content\/uploads\/2024\/01\/Eglise-campagne-choeur.jpg\" class=\"attachment-large size-large wp-image-3661\" alt=\"\" srcset=\"https:\/\/acha-ardres.fr\/wp-content\/uploads\/2024\/01\/Eglise-campagne-choeur.jpg 1000w, https:\/\/acha-ardres.fr\/wp-content\/uploads\/2024\/01\/Eglise-campagne-choeur-300x167.jpg 300w, https:\/\/acha-ardres.fr\/wp-content\/uploads\/2024\/01\/Eglise-campagne-choeur-150x84.jpg 150w, https:\/\/acha-ardres.fr\/wp-content\/uploads\/2024\/01\/Eglise-campagne-choeur-768x429.jpg 768w\" sizes=\"(max-width: 900px) 100vw, 900px\" \/>\t\t\t\t\t\t\t\t\t\t\t\t\t\t\t<\/div>\n\t\t\t\t<\/div>\n\t\t\t\t\t<\/div>\n\t\t\t\t<\/div>\n\t\t<div class=\"elementor-element elementor-element-cde1946 e-flex e-con-boxed e-con e-parent\" data-id=\"cde1946\" data-element_type=\"container\" data-e-type=\"container\">\n\t\t\t\t\t<div class=\"e-con-inner\">\n\t\t\t\t<div class=\"elementor-element elementor-element-68eb2c6 elementor-widget elementor-widget-text-editor\" data-id=\"68eb2c6\" data-element_type=\"widget\" data-e-type=\"widget\" data-widget_type=\"text-editor.default\">\n\t\t\t\t<div class=\"elementor-widget-container\">\n\t\t\t\t\t\t\t\t\t<p>Il y avait bien entendu un lien entre Campagne et notre th\u00e8me des houill\u00e8res en la personne de M. Cazin d\u2019Honincthun. Enterr\u00e9 au village, il fut l\u2019associ\u00e9 de Fran\u00e7ois Desandrouin, notre d\u00e9put\u00e9 du baillage de Calais et d\u2019Ardres aux Etats G\u00e9n\u00e9raux de 1789. Troisi\u00e8me membre de cette famille \u00e0 \u00eatre venu exploiter le charbon du Boulonnais afin d\u2019y fabriquer du verre. M. Cazin a en a \u00e9t\u00e9 l\u2019ex\u00e9cuteur testamentaire aupr\u00e8s des ouvriers et pauvres d\u2019Hardinghen \u00e0 qui le gentilhomme verrier et charbonnier avait d\u00e9cid\u00e9 de distribuer une part de son h\u00e9ritage. Le soir du 7 janvier 1785, les comparses ont accueilli au ch\u00e2teau d\u2019Hardinghen, Blanchard et Jeffries qui avaient, ce jour m\u00e9morable, travers\u00e9 la Manche en ballon, une premi\u00e8re mondiale. Anecdotes, petite et grande Histoire, g\u00e9ologie, architecture r\u00e9gionale, ont jalonn\u00e9 le parcours vers la boutonni\u00e8re, cette d\u00e9pression en forme de V o\u00f9 les hasards de la g\u00e9ologie ont fait affleurer des terrains primaires. Les roches dures des carri\u00e8res mais avant cela, et d\u00e9couvert sous le soc d\u2019une charrue vers 1660, le CHARBON<strong>.<\/strong><\/p>\t\t\t\t\t\t\t\t<\/div>\n\t\t\t\t<\/div>\n\t\t\t\t\t<\/div>\n\t\t\t\t<\/div>\n\t\t<div class=\"elementor-element elementor-element-fc603eb e-flex e-con-boxed e-con e-parent\" data-id=\"fc603eb\" data-element_type=\"container\" data-e-type=\"container\">\n\t\t\t\t\t<div class=\"e-con-inner\">\n\t\t\t\t<div class=\"elementor-element elementor-element-0094392 elementor-widget elementor-widget-image\" data-id=\"0094392\" data-element_type=\"widget\" data-e-type=\"widget\" data-widget_type=\"image.default\">\n\t\t\t\t<div class=\"elementor-widget-container\">\n\t\t\t\t\t\t\t\t\t\t\t\t\t\t\t<img loading=\"lazy\" decoding=\"async\" width=\"900\" height=\"484\" src=\"https:\/\/acha-ardres.fr\/wp-content\/uploads\/2024\/01\/eglise-campagne-statues.jpg\" class=\"attachment-large size-large wp-image-3662\" alt=\"\" srcset=\"https:\/\/acha-ardres.fr\/wp-content\/uploads\/2024\/01\/eglise-campagne-statues.jpg 1000w, https:\/\/acha-ardres.fr\/wp-content\/uploads\/2024\/01\/eglise-campagne-statues-300x161.jpg 300w, https:\/\/acha-ardres.fr\/wp-content\/uploads\/2024\/01\/eglise-campagne-statues-150x81.jpg 150w, https:\/\/acha-ardres.fr\/wp-content\/uploads\/2024\/01\/eglise-campagne-statues-768x413.jpg 768w\" sizes=\"(max-width: 900px) 100vw, 900px\" \/>\t\t\t\t\t\t\t\t\t\t\t\t\t\t\t<\/div>\n\t\t\t\t<\/div>\n\t\t\t\t\t<\/div>\n\t\t\t\t<\/div>\n\t\t<div class=\"elementor-element elementor-element-152086d e-flex e-con-boxed e-con e-parent\" data-id=\"152086d\" data-element_type=\"container\" data-e-type=\"container\">\n\t\t\t\t\t<div class=\"e-con-inner\">\n\t\t\t\t<div class=\"elementor-element elementor-element-047158c elementor-widget elementor-widget-text-editor\" data-id=\"047158c\" data-element_type=\"widget\" data-e-type=\"widget\" data-widget_type=\"text-editor.default\">\n\t\t\t\t<div class=\"elementor-widget-container\">\n\t\t\t\t\t\t\t\t\t<p><span style=\"color: #8f0031;\">La deuxi\u00e8me \u00e9tape, fut un p\u00e9riple en autobus \u00e0 la d\u00e9couverte des paysages de la boutonni\u00e8re et de l&rsquo;habitat rural traditionnel \u00e0 Fiennes, R\u00e9ty et Hardinghen.<\/span><\/p>\t\t\t\t\t\t\t\t<\/div>\n\t\t\t\t<\/div>\n\t\t\t\t\t<\/div>\n\t\t\t\t<\/div>\n\t\t<div class=\"elementor-element elementor-element-19e2aa6 e-flex e-con-boxed e-con e-parent\" data-id=\"19e2aa6\" data-element_type=\"container\" data-e-type=\"container\">\n\t\t\t\t\t<div class=\"e-con-inner\">\n\t\t\t\t<div class=\"elementor-element elementor-element-8703485 elementor-widget elementor-widget-image\" data-id=\"8703485\" data-element_type=\"widget\" data-e-type=\"widget\" data-widget_type=\"image.default\">\n\t\t\t\t<div class=\"elementor-widget-container\">\n\t\t\t\t\t\t\t\t\t\t\t\t<figure class=\"wp-caption\">\n\t\t\t\t\t\t\t\t\t\t<img loading=\"lazy\" decoding=\"async\" width=\"900\" height=\"356\" src=\"https:\/\/acha-ardres.fr\/wp-content\/uploads\/2024\/01\/vue-boutonniere.jpg\" class=\"attachment-large size-large wp-image-3697\" alt=\"\" srcset=\"https:\/\/acha-ardres.fr\/wp-content\/uploads\/2024\/01\/vue-boutonniere.jpg 1000w, https:\/\/acha-ardres.fr\/wp-content\/uploads\/2024\/01\/vue-boutonniere-300x119.jpg 300w, https:\/\/acha-ardres.fr\/wp-content\/uploads\/2024\/01\/vue-boutonniere-150x59.jpg 150w, https:\/\/acha-ardres.fr\/wp-content\/uploads\/2024\/01\/vue-boutonniere-768x303.jpg 768w\" sizes=\"(max-width: 900px) 100vw, 900px\" \/>\t\t\t\t\t\t\t\t\t\t\t<figcaption class=\"widget-image-caption wp-caption-text\">Depuis le mont de   Fiennes, vue sur la   boutonni\u00e8re.<\/figcaption>\n\t\t\t\t\t\t\t\t\t\t<\/figure>\n\t\t\t\t\t\t\t\t\t<\/div>\n\t\t\t\t<\/div>\n\t\t\t\t\t<\/div>\n\t\t\t\t<\/div>\n\t\t<div class=\"elementor-element elementor-element-042ae3d e-flex e-con-boxed e-con e-parent\" data-id=\"042ae3d\" data-element_type=\"container\" data-e-type=\"container\">\n\t\t\t\t\t<div class=\"e-con-inner\">\n\t\t\t\t<div class=\"elementor-element elementor-element-a6346db elementor-widget elementor-widget-image\" data-id=\"a6346db\" data-element_type=\"widget\" data-e-type=\"widget\" data-widget_type=\"image.default\">\n\t\t\t\t<div class=\"elementor-widget-container\">\n\t\t\t\t\t\t\t\t\t\t\t\t<figure class=\"wp-caption\">\n\t\t\t\t\t\t\t\t\t\t<img loading=\"lazy\" decoding=\"async\" width=\"900\" height=\"407\" src=\"https:\/\/acha-ardres.fr\/wp-content\/uploads\/2024\/01\/habitat-traditionnel.jpg\" class=\"attachment-large size-large wp-image-3698\" alt=\"\" srcset=\"https:\/\/acha-ardres.fr\/wp-content\/uploads\/2024\/01\/habitat-traditionnel.jpg 1000w, https:\/\/acha-ardres.fr\/wp-content\/uploads\/2024\/01\/habitat-traditionnel-300x136.jpg 300w, https:\/\/acha-ardres.fr\/wp-content\/uploads\/2024\/01\/habitat-traditionnel-150x68.jpg 150w, https:\/\/acha-ardres.fr\/wp-content\/uploads\/2024\/01\/habitat-traditionnel-768x347.jpg 768w\" sizes=\"(max-width: 900px) 100vw, 900px\" \/>\t\t\t\t\t\t\t\t\t\t\t<figcaption class=\"widget-image-caption wp-caption-text\">Habitat traditionnel<\/figcaption>\n\t\t\t\t\t\t\t\t\t\t<\/figure>\n\t\t\t\t\t\t\t\t\t<\/div>\n\t\t\t\t<\/div>\n\t\t\t\t\t<\/div>\n\t\t\t\t<\/div>\n\t\t<div class=\"elementor-element elementor-element-8b33e70 e-flex e-con-boxed e-con e-parent\" data-id=\"8b33e70\" data-element_type=\"container\" data-e-type=\"container\">\n\t\t\t\t\t<div class=\"e-con-inner\">\n\t\t\t\t<div class=\"elementor-element elementor-element-20f5e58 elementor-widget elementor-widget-text-editor\" data-id=\"20f5e58\" data-element_type=\"widget\" data-e-type=\"widget\" data-widget_type=\"text-editor.default\">\n\t\t\t\t<div class=\"elementor-widget-container\">\n\t\t\t\t\t\t\t\t\t<p>La troisi\u00e8me \u00e9tape s&rsquo;est effectu\u00e9e \u00e0 R\u00e9ty :<\/p>\t\t\t\t\t\t\t\t<\/div>\n\t\t\t\t<\/div>\n\t\t\t\t\t<\/div>\n\t\t\t\t<\/div>\n\t\t<div class=\"elementor-element elementor-element-73df1a0 e-flex e-con-boxed e-con e-parent\" data-id=\"73df1a0\" data-element_type=\"container\" data-e-type=\"container\">\n\t\t\t\t\t<div class=\"e-con-inner\">\n\t\t\t\t<div class=\"elementor-element elementor-element-b7f8b1a elementor-position-right elementor-vertical-align-middle elementor-widget elementor-widget-image-box\" data-id=\"b7f8b1a\" data-element_type=\"widget\" data-e-type=\"widget\" data-widget_type=\"image-box.default\">\n\t\t\t\t<div class=\"elementor-widget-container\">\n\t\t\t\t\t<div class=\"elementor-image-box-wrapper\"><figure class=\"elementor-image-box-img\"><img loading=\"lazy\" decoding=\"async\" width=\"1000\" height=\"784\" src=\"https:\/\/acha-ardres.fr\/wp-content\/uploads\/2024\/01\/chapelle-Rety.jpg\" class=\"attachment-full size-full wp-image-3717\" alt=\"\" srcset=\"https:\/\/acha-ardres.fr\/wp-content\/uploads\/2024\/01\/chapelle-Rety.jpg 1000w, https:\/\/acha-ardres.fr\/wp-content\/uploads\/2024\/01\/chapelle-Rety-300x235.jpg 300w, https:\/\/acha-ardres.fr\/wp-content\/uploads\/2024\/01\/chapelle-Rety-150x118.jpg 150w, https:\/\/acha-ardres.fr\/wp-content\/uploads\/2024\/01\/chapelle-Rety-768x602.jpg 768w\" sizes=\"(max-width: 1000px) 100vw, 1000px\" \/><\/figure><div class=\"elementor-image-box-content\"><p class=\"elementor-image-box-description\">Cet arr\u00eat s\u2019est fait devant les derniers vestiges de ce qui fut l\u2019une des plus grandes verreries europ\u00e9ennes. Le magasin \u00e0 bouteilles est devenu chapelle de secours de R\u00e9ty. On y a fabriqu\u00e9 de 1783 \u00e0 1830 des bouteilles et dames jeannes destin\u00e9es principalement \u00e0 l\u2019exportation outre-mer. Pour cette raison, Fran\u00e7ois Desandrouin fit b\u00e2tir un superbe h\u00f4tel particulier \u00e0 Boulogne o\u00f9 il avait trois bateaux pour commercialiser sa production. Les fid\u00e8les de l\u2019ACHA en allant le voir dans la vieille ville reconnaitront les caract\u00e9ristiques de son architecture palladienne, mais seront \u00e9tonn\u00e9s de savoir que l\u2019appellation actuelle fait oublier qui en a \u00e9t\u00e9 le ma\u00eetre d\u2019ouvrage. On l\u2019appelle \u00e0 pr\u00e9sent le \u00ab Palais imp\u00e9rial \u00bb. Il est vrai que le renom de Desandrouin ne pouvait rivaliser avec celui de Napol\u00e9on qui l\u2019a occup\u00e9 durant la p\u00e9riode du \u00ab Camp de Boulogne \u00bb. <\/p><\/div><\/div>\t\t\t\t<\/div>\n\t\t\t\t<\/div>\n\t\t\t\t\t<\/div>\n\t\t\t\t<\/div>\n\t\t<div class=\"elementor-element elementor-element-2adeb47 e-flex e-con-boxed e-con e-parent\" data-id=\"2adeb47\" data-element_type=\"container\" data-e-type=\"container\">\n\t\t\t\t\t<div class=\"e-con-inner\">\n\t\t\t\t<div class=\"elementor-element elementor-element-c7265fc elementor-widget elementor-widget-text-editor\" data-id=\"c7265fc\" data-element_type=\"widget\" data-e-type=\"widget\" data-widget_type=\"text-editor.default\">\n\t\t\t\t<div class=\"elementor-widget-container\">\n\t\t\t\t\t\t\t\t\t<p>La quatri\u00e8me \u00e9tape nous emmena sur une route en pleine campagne&#8230;<\/p>\t\t\t\t\t\t\t\t<\/div>\n\t\t\t\t<\/div>\n\t\t\t\t\t<\/div>\n\t\t\t\t<\/div>\n\t\t<div class=\"elementor-element elementor-element-bbc976d e-flex e-con-boxed e-con e-parent\" data-id=\"bbc976d\" data-element_type=\"container\" data-e-type=\"container\">\n\t\t\t\t\t<div class=\"e-con-inner\">\n\t\t\t\t<div class=\"elementor-element elementor-element-2348afd elementor-position-left elementor-vertical-align-middle elementor-widget elementor-widget-image-box\" data-id=\"2348afd\" data-element_type=\"widget\" data-e-type=\"widget\" data-widget_type=\"image-box.default\">\n\t\t\t\t<div class=\"elementor-widget-container\">\n\t\t\t\t\t<div class=\"elementor-image-box-wrapper\"><figure class=\"elementor-image-box-img\"><img loading=\"lazy\" decoding=\"async\" width=\"1000\" height=\"750\" src=\"https:\/\/acha-ardres.fr\/wp-content\/uploads\/2024\/01\/terril-dHardinghen.jpg\" class=\"attachment-full size-full wp-image-3740\" alt=\"\" srcset=\"https:\/\/acha-ardres.fr\/wp-content\/uploads\/2024\/01\/terril-dHardinghen.jpg 1000w, https:\/\/acha-ardres.fr\/wp-content\/uploads\/2024\/01\/terril-dHardinghen-300x225.jpg 300w, https:\/\/acha-ardres.fr\/wp-content\/uploads\/2024\/01\/terril-dHardinghen-150x113.jpg 150w, https:\/\/acha-ardres.fr\/wp-content\/uploads\/2024\/01\/terril-dHardinghen-768x576.jpg 768w\" sizes=\"(max-width: 1000px) 100vw, 1000px\" \/><\/figure><div class=\"elementor-image-box-content\"><p class=\"elementor-image-box-description\">Cette halte s\u2019est faite devant un emplacement de mines  proche de la fosse appel\u00e9e \u00ab Glaneuse n\u00b01 \u00bb, l\u2019une des 254 qui ont \u00e9t\u00e9 creus\u00e9es durant l\u2019\u00e9pop\u00e9e  charbonni\u00e8re, et pour laquelle nous avons eu des renseignements tr\u00e8s d\u00e9taill\u00e9s. Elle a \u00e9t\u00e9 exploit\u00e9e de 1888 \u00e0 1901. Apr\u00e8s 34.20 m de morts-terrains et jusqu\u2019\u00e0 -100m elle \u00e9tait travers\u00e9e par six veines de charbon d\u2019\u00e9paisseur in\u00e9gale, dont la meilleure \u00e9tait la veine Mar\u00e9chale. L\u2019exploitation du charbon a \u00e9t\u00e9 difficile, son histoire est ponctu\u00e9e de r\u00e9ussites et de faillites retentissantes. Il n\u2019en reste pas moins vrai que dans les \u00ab Hauts de France \u00bb le premier gisement houiller exploit\u00e9 fut celui du bassin d\u2019Hardinghen, comme  l\u2019atteste l\u2019arr\u00eat\u00e9 royal de 1692, soit bien avant le Nord  ou le Pas de Calais.<\/p><\/div><\/div>\t\t\t\t<\/div>\n\t\t\t\t<\/div>\n\t\t\t\t\t<\/div>\n\t\t\t\t<\/div>\n\t\t<div class=\"elementor-element elementor-element-bfc9240 e-flex e-con-boxed e-con e-parent\" data-id=\"bfc9240\" data-element_type=\"container\" data-e-type=\"container\">\n\t\t\t\t\t<div class=\"e-con-inner\">\n\t\t\t\t<div class=\"elementor-element elementor-element-4d83463 elementor-widget elementor-widget-text-editor\" data-id=\"4d83463\" data-element_type=\"widget\" data-e-type=\"widget\" data-widget_type=\"text-editor.default\">\n\t\t\t\t<div class=\"elementor-widget-container\">\n\t\t\t\t\t\t\t\t\t<p>Pour la cinqui\u00e8me \u00e9tape nous nous sommes rendus \u00e0 Hardinghen.<\/p>\t\t\t\t\t\t\t\t<\/div>\n\t\t\t\t<\/div>\n\t\t\t\t\t<\/div>\n\t\t\t\t<\/div>\n\t\t<div class=\"elementor-element elementor-element-2d14c3b e-flex e-con-boxed e-con e-parent\" data-id=\"2d14c3b\" data-element_type=\"container\" data-e-type=\"container\">\n\t\t\t\t\t<div class=\"e-con-inner\">\n\t\t\t\t<div class=\"elementor-element elementor-element-454392e elementor-position-right elementor-vertical-align-middle elementor-widget elementor-widget-image-box\" data-id=\"454392e\" data-element_type=\"widget\" data-e-type=\"widget\" data-widget_type=\"image-box.default\">\n\t\t\t\t<div class=\"elementor-widget-container\">\n\t\t\t\t\t<div class=\"elementor-image-box-wrapper\"><figure class=\"elementor-image-box-img\"><img loading=\"lazy\" decoding=\"async\" width=\"1000\" height=\"1191\" src=\"https:\/\/acha-ardres.fr\/wp-content\/uploads\/2024\/01\/maison-retraite-hardinghen.jpg\" class=\"attachment-full size-full wp-image-3753\" alt=\"\" srcset=\"https:\/\/acha-ardres.fr\/wp-content\/uploads\/2024\/01\/maison-retraite-hardinghen.jpg 1000w, https:\/\/acha-ardres.fr\/wp-content\/uploads\/2024\/01\/maison-retraite-hardinghen-252x300.jpg 252w, https:\/\/acha-ardres.fr\/wp-content\/uploads\/2024\/01\/maison-retraite-hardinghen-860x1024.jpg 860w, https:\/\/acha-ardres.fr\/wp-content\/uploads\/2024\/01\/maison-retraite-hardinghen-126x150.jpg 126w, https:\/\/acha-ardres.fr\/wp-content\/uploads\/2024\/01\/maison-retraite-hardinghen-768x915.jpg 768w\" sizes=\"(max-width: 1000px) 100vw, 1000px\" \/><\/figure><div class=\"elementor-image-box-content\"><p class=\"elementor-image-box-description\">Cet arr\u00eat s\u2019est fait devant la maison de retraite d\u2019Hardinghen. Sous le nom de ch\u00e2teau de la Verrerie, ce fut l\u2019habitation que Jacques Desandrouin de Long Bois a fait construire peu apr\u00e8s son arriv\u00e9e en 1720. Cette \u00e9l\u00e9gante construction et toutes ses d\u00e9pendances sont devenues au fil du temps, une maison de Dominicaines qui en ont fait un noviciat,  un pensionnat (ferm\u00e9 en 1983. La fille de Belmondo y fut \u00e9l\u00e8ve), une maison de retraite d\u00e8s 1904. Modernis\u00e9, le b\u00e2timent est devenu un EHPAD accueillant actuellement 80 personnes \u00e2g\u00e9es dont 14 en unit\u00e9 tr\u00e8s s\u00e9curis\u00e9e.<\/p><\/div><\/div>\t\t\t\t<\/div>\n\t\t\t\t<\/div>\n\t\t\t\t\t<\/div>\n\t\t\t\t<\/div>\n\t\t<div class=\"elementor-element elementor-element-006373b e-flex e-con-boxed e-con e-parent\" data-id=\"006373b\" data-element_type=\"container\" data-e-type=\"container\">\n\t\t\t\t\t<div class=\"e-con-inner\">\n\t\t\t\t<div class=\"elementor-element elementor-element-f42bbc5 elementor-widget elementor-widget-text-editor\" data-id=\"f42bbc5\" data-element_type=\"widget\" data-e-type=\"widget\" data-widget_type=\"text-editor.default\">\n\t\t\t\t<div class=\"elementor-widget-container\">\n\t\t\t\t\t\t\t\t\t<p>La derni\u00e8re \u00e9tape s\u2019est d\u00e9roul\u00e9e au ch\u00e2teau de la Motte.<\/p>\t\t\t\t\t\t\t\t<\/div>\n\t\t\t\t<\/div>\n\t\t\t\t\t<\/div>\n\t\t\t\t<\/div>\n\t\t<div class=\"elementor-element elementor-element-8009150 e-flex e-con-boxed e-con e-parent\" data-id=\"8009150\" data-element_type=\"container\" data-e-type=\"container\">\n\t\t\t\t\t<div class=\"e-con-inner\">\n\t\t\t\t<div class=\"elementor-element elementor-element-d815347 elementor-widget elementor-widget-text-editor\" data-id=\"d815347\" data-element_type=\"widget\" data-e-type=\"widget\" data-widget_type=\"text-editor.default\">\n\t\t\t\t<div class=\"elementor-widget-container\">\n\t\t\t\t\t\t\t\t\t<p><img loading=\"lazy\" decoding=\"async\" class=\"alignleft wp-image-3774\" src=\"https:\/\/acha-ardres.fr\/wp-content\/uploads\/2024\/01\/chateau-de-la-motte.jpg\" alt=\"\" width=\"607\" height=\"432\" srcset=\"https:\/\/acha-ardres.fr\/wp-content\/uploads\/2024\/01\/chateau-de-la-motte.jpg 1000w, https:\/\/acha-ardres.fr\/wp-content\/uploads\/2024\/01\/chateau-de-la-motte-300x214.jpg 300w, https:\/\/acha-ardres.fr\/wp-content\/uploads\/2024\/01\/chateau-de-la-motte-150x107.jpg 150w, https:\/\/acha-ardres.fr\/wp-content\/uploads\/2024\/01\/chateau-de-la-motte-768x547.jpg 768w\" sizes=\"(max-width: 607px) 100vw, 607px\" \/>Le ch\u00e2teau de la Motte encore appel\u00e9 ch\u00e2teau de la Follye, est la propri\u00e9t\u00e9 de famille de M. et Mme Watier qui ont fait le circuit avec nous le matin. Cette belle propri\u00e9t\u00e9 nich\u00e9e dans un coin de verdure, avec vue sur le mont Lambert et bien abrit\u00e9e des vents, est pleine de charme. Les d\u00e9nivel\u00e9s mettent en valeur le parc, la longue fa\u00e7ade ocr\u00e9e, rythm\u00e9e par 7 trav\u00e9es centrales et deux lat\u00e9rales, agr\u00e9ment\u00e9e de volets bleut\u00e9s, est perc\u00e9e de trois portes pr\u00e9c\u00e9d\u00e9es d\u2019un perron. Les ailes lat\u00e9rales l\u00e9g\u00e8rement saillantes sont recouvertes de tuiles en terre cuite donnant un air bien anglais \u00e0 l\u2019ensemble. Monsieur Watier a retrac\u00e9 l\u2019historique de la maison et a d\u00e9roul\u00e9 une longue carte d\u2019\u00c9tat-major ancienne, sur laquelle un anc\u00eatre avait report\u00e9 les diff\u00e9rentes concessions mini\u00e8res allant de la Belgique en passant par le Nord et le Pas de Calais, pour aboutir l\u00e0 o\u00f9 nous \u00e9tions : la commune d\u2019Hardinghen.<\/p>\t\t\t\t\t\t\t\t<\/div>\n\t\t\t\t<\/div>\n\t\t\t\t\t<\/div>\n\t\t\t\t<\/div>\n\t\t<div class=\"elementor-element elementor-element-dc25bb2 e-flex e-con-boxed e-con e-parent\" data-id=\"dc25bb2\" data-element_type=\"container\" data-e-type=\"container\">\n\t\t\t\t\t<div class=\"e-con-inner\">\n\t\t\t\t<div class=\"elementor-element elementor-element-bbbd41b elementor-widget elementor-widget-image\" data-id=\"bbbd41b\" data-element_type=\"widget\" data-e-type=\"widget\" data-widget_type=\"image.default\">\n\t\t\t\t<div class=\"elementor-widget-container\">\n\t\t\t\t\t\t\t\t\t\t\t\t\t\t\t<img loading=\"lazy\" decoding=\"async\" width=\"900\" height=\"207\" src=\"https:\/\/acha-ardres.fr\/wp-content\/uploads\/2024\/01\/chateau-de-la-motte-topiaires-1024x236.jpg\" class=\"attachment-large size-large wp-image-3793\" alt=\"\" srcset=\"https:\/\/acha-ardres.fr\/wp-content\/uploads\/2024\/01\/chateau-de-la-motte-topiaires-1024x236.jpg 1024w, https:\/\/acha-ardres.fr\/wp-content\/uploads\/2024\/01\/chateau-de-la-motte-topiaires-300x69.jpg 300w, https:\/\/acha-ardres.fr\/wp-content\/uploads\/2024\/01\/chateau-de-la-motte-topiaires-150x35.jpg 150w, https:\/\/acha-ardres.fr\/wp-content\/uploads\/2024\/01\/chateau-de-la-motte-topiaires-768x177.jpg 768w, https:\/\/acha-ardres.fr\/wp-content\/uploads\/2024\/01\/chateau-de-la-motte-topiaires.jpg 1057w\" sizes=\"(max-width: 900px) 100vw, 900px\" \/>\t\t\t\t\t\t\t\t\t\t\t\t\t\t\t<\/div>\n\t\t\t\t<\/div>\n\t\t\t\t\t<\/div>\n\t\t\t\t<\/div>\n\t\t<div class=\"elementor-element elementor-element-8118e60 e-flex e-con-boxed e-con e-parent\" data-id=\"8118e60\" data-element_type=\"container\" data-e-type=\"container\">\n\t\t\t\t\t<div class=\"e-con-inner\">\n\t\t\t\t<div class=\"elementor-element elementor-element-56ed7d4 elementor-widget elementor-widget-image\" data-id=\"56ed7d4\" data-element_type=\"widget\" data-e-type=\"widget\" data-widget_type=\"image.default\">\n\t\t\t\t<div class=\"elementor-widget-container\">\n\t\t\t\t\t\t\t\t\t\t\t\t<figure class=\"wp-caption\">\n\t\t\t\t\t\t\t\t\t\t<img loading=\"lazy\" decoding=\"async\" width=\"900\" height=\"721\" src=\"https:\/\/acha-ardres.fr\/wp-content\/uploads\/2024\/01\/montage-carte.jpg\" class=\"attachment-large size-large wp-image-3800\" alt=\"\" srcset=\"https:\/\/acha-ardres.fr\/wp-content\/uploads\/2024\/01\/montage-carte.jpg 999w, https:\/\/acha-ardres.fr\/wp-content\/uploads\/2024\/01\/montage-carte-300x240.jpg 300w, https:\/\/acha-ardres.fr\/wp-content\/uploads\/2024\/01\/montage-carte-150x120.jpg 150w, https:\/\/acha-ardres.fr\/wp-content\/uploads\/2024\/01\/montage-carte-768x615.jpg 768w\" sizes=\"(max-width: 900px) 100vw, 900px\" \/>\t\t\t\t\t\t\t\t\t\t\t<figcaption class=\"widget-image-caption wp-caption-text\">D\u00e9couverte de la longue carte d'\u00e9tat major et gros plans sur les diff\u00e9rentes concessions.<\/figcaption>\n\t\t\t\t\t\t\t\t\t\t<\/figure>\n\t\t\t\t\t\t\t\t\t<\/div>\n\t\t\t\t<\/div>\n\t\t\t\t\t<\/div>\n\t\t\t\t<\/div>\n\t\t<div class=\"elementor-element elementor-element-3f92fde e-flex e-con-boxed e-con e-parent\" data-id=\"3f92fde\" data-element_type=\"container\" data-e-type=\"container\">\n\t\t\t\t\t<div class=\"e-con-inner\">\n\t\t\t\t<div class=\"elementor-element elementor-element-fc46150 elementor-widget elementor-widget-image\" data-id=\"fc46150\" data-element_type=\"widget\" data-e-type=\"widget\" data-widget_type=\"image.default\">\n\t\t\t\t<div class=\"elementor-widget-container\">\n\t\t\t\t\t\t\t\t\t\t\t\t<figure class=\"wp-caption\">\n\t\t\t\t\t\t\t\t\t\t<img loading=\"lazy\" decoding=\"async\" width=\"900\" height=\"848\" src=\"https:\/\/acha-ardres.fr\/wp-content\/uploads\/2024\/01\/zoom-hardinghen-carte-1024x965.jpg\" class=\"attachment-large size-large wp-image-3811\" alt=\"\" srcset=\"https:\/\/acha-ardres.fr\/wp-content\/uploads\/2024\/01\/zoom-hardinghen-carte-1024x965.jpg 1024w, https:\/\/acha-ardres.fr\/wp-content\/uploads\/2024\/01\/zoom-hardinghen-carte-300x283.jpg 300w, https:\/\/acha-ardres.fr\/wp-content\/uploads\/2024\/01\/zoom-hardinghen-carte-150x141.jpg 150w, https:\/\/acha-ardres.fr\/wp-content\/uploads\/2024\/01\/zoom-hardinghen-carte-768x724.jpg 768w, https:\/\/acha-ardres.fr\/wp-content\/uploads\/2024\/01\/zoom-hardinghen-carte.jpg 1489w\" sizes=\"(max-width: 900px) 100vw, 900px\" \/>\t\t\t\t\t\t\t\t\t\t\t<figcaption class=\"widget-image-caption wp-caption-text\">Gros plan sur les concessions du triangle R\u00e9ty, Fiennes, Hardinghen<\/figcaption>\n\t\t\t\t\t\t\t\t\t\t<\/figure>\n\t\t\t\t\t\t\t\t\t<\/div>\n\t\t\t\t<\/div>\n\t\t\t\t\t<\/div>\n\t\t\t\t<\/div>\n\t\t<div class=\"elementor-element elementor-element-1fd577f e-flex e-con-boxed e-con e-parent\" data-id=\"1fd577f\" data-element_type=\"container\" data-e-type=\"container\">\n\t\t\t\t\t<div class=\"e-con-inner\">\n\t\t\t\t<div class=\"elementor-element elementor-element-1653b99 elementor-widget-divider--view-line elementor-widget elementor-widget-divider\" data-id=\"1653b99\" data-element_type=\"widget\" data-e-type=\"widget\" data-widget_type=\"divider.default\">\n\t\t\t\t<div class=\"elementor-widget-container\">\n\t\t\t\t\t\t\t<div class=\"elementor-divider\">\n\t\t\t<span class=\"elementor-divider-separator\">\n\t\t\t\t\t\t<\/span>\n\t\t<\/div>\n\t\t\t\t\t\t<\/div>\n\t\t\t\t<\/div>\n\t\t\t\t\t<\/div>\n\t\t\t\t<\/div>\n\t\t<div class=\"elementor-element elementor-element-03d858b e-flex e-con-boxed e-con e-parent\" data-id=\"03d858b\" data-element_type=\"container\" data-e-type=\"container\">\n\t\t\t\t\t<div class=\"e-con-inner\">\n\t\t<div class=\"elementor-element elementor-element-767dd29 e-con-full e-flex e-con e-child\" data-id=\"767dd29\" data-element_type=\"container\" data-e-type=\"container\">\n\t\t\t\t<div class=\"elementor-element elementor-element-dcb62b5 elementor-align-center elementor-widget elementor-widget-button\" data-id=\"dcb62b5\" data-element_type=\"widget\" data-e-type=\"widget\" data-widget_type=\"button.default\">\n\t\t\t\t<div class=\"elementor-widget-container\">\n\t\t\t\t\t\t\t\t\t<div class=\"elementor-button-wrapper\">\n\t\t\t\t\t<a class=\"elementor-button elementor-button-link elementor-size-sm\" href=\"https:\/\/acha-ardres.fr\/?page_id=21\">\n\t\t\t\t\t\t<span class=\"elementor-button-content-wrapper\">\n\t\t\t\t\t\t\t\t\t<span class=\"elementor-button-text\">Le patrimoine<\/span>\n\t\t\t\t\t<\/span>\n\t\t\t\t\t<\/a>\n\t\t\t\t<\/div>\n\t\t\t\t\t\t\t\t<\/div>\n\t\t\t\t<\/div>\n\t\t\t\t<\/div>\n\t\t<div class=\"elementor-element elementor-element-08c5054 e-con-full e-flex e-con e-child\" data-id=\"08c5054\" data-element_type=\"container\" data-e-type=\"container\">\n\t\t\t\t<div class=\"elementor-element elementor-element-1770dd8 elementor-align-center elementor-widget elementor-widget-button\" data-id=\"1770dd8\" data-element_type=\"widget\" data-e-type=\"widget\" data-widget_type=\"button.default\">\n\t\t\t\t<div class=\"elementor-widget-container\">\n\t\t\t\t\t\t\t\t\t<div class=\"elementor-button-wrapper\">\n\t\t\t\t\t<a class=\"elementor-button elementor-button-link elementor-size-sm\" href=\"https:\/\/acha-ardres.fr\/?page_id=484\">\n\t\t\t\t\t\t<span class=\"elementor-button-content-wrapper\">\n\t\t\t\t\t\t\t\t\t<span class=\"elementor-button-text\">JEP en  affiches<\/span>\n\t\t\t\t\t<\/span>\n\t\t\t\t\t<\/a>\n\t\t\t\t<\/div>\n\t\t\t\t\t\t\t\t<\/div>\n\t\t\t\t<\/div>\n\t\t\t\t<\/div>\n\t\t<div class=\"elementor-element elementor-element-d5a2fb9 e-con-full e-flex e-con e-child\" data-id=\"d5a2fb9\" data-element_type=\"container\" data-e-type=\"container\">\n\t\t\t\t<div class=\"elementor-element elementor-element-81b93e8 elementor-align-center elementor-widget elementor-widget-button\" data-id=\"81b93e8\" data-element_type=\"widget\" data-e-type=\"widget\" data-widget_type=\"button.default\">\n\t\t\t\t<div class=\"elementor-widget-container\">\n\t\t\t\t\t\t\t\t\t<div class=\"elementor-button-wrapper\">\n\t\t\t\t\t<a class=\"elementor-button elementor-button-link elementor-size-sm\" href=\"https:\/\/acha-ardres.fr\/?page_id=490\">\n\t\t\t\t\t\t<span class=\"elementor-button-content-wrapper\">\n\t\t\t\t\t\t\t\t\t<span class=\"elementor-button-text\">Les monuments<\/span>\n\t\t\t\t\t<\/span>\n\t\t\t\t\t<\/a>\n\t\t\t\t<\/div>\n\t\t\t\t\t\t\t\t<\/div>\n\t\t\t\t<\/div>\n\t\t\t\t<\/div>\n\t\t<div class=\"elementor-element elementor-element-6f32d27 e-con-full e-flex e-con e-child\" data-id=\"6f32d27\" data-element_type=\"container\" data-e-type=\"container\">\n\t\t\t\t<div class=\"elementor-element elementor-element-8ed2eec elementor-align-center elementor-widget elementor-widget-button\" data-id=\"8ed2eec\" data-element_type=\"widget\" data-e-type=\"widget\" data-widget_type=\"button.default\">\n\t\t\t\t<div class=\"elementor-widget-container\">\n\t\t\t\t\t\t\t\t\t<div class=\"elementor-button-wrapper\">\n\t\t\t\t\t<a class=\"elementor-button elementor-button-link elementor-size-sm\" href=\"https:\/\/acha-ardres.fr\/?page_id=492\">\n\t\t\t\t\t\t<span class=\"elementor-button-content-wrapper\">\n\t\t\t\t\t\t\t\t\t<span class=\"elementor-button-text\">Les lieux<\/span>\n\t\t\t\t\t<\/span>\n\t\t\t\t\t<\/a>\n\t\t\t\t<\/div>\n\t\t\t\t\t\t\t\t<\/div>\n\t\t\t\t<\/div>\n\t\t\t\t<\/div>\n\t\t\t\t\t<\/div>\n\t\t\t\t<\/div>\n\t\t<div class=\"elementor-element elementor-element-cbd9c8c e-flex e-con-boxed e-con e-parent\" data-id=\"cbd9c8c\" data-element_type=\"container\" data-e-type=\"container\">\n\t\t\t\t\t<div class=\"e-con-inner\">\n\t\t\t\t<div class=\"elementor-element elementor-element-a7ebbc3 elementor-align-center elementor-widget elementor-widget-button\" data-id=\"a7ebbc3\" data-element_type=\"widget\" data-e-type=\"widget\" data-widget_type=\"button.default\">\n\t\t\t\t<div class=\"elementor-widget-container\">\n\t\t\t\t\t\t\t\t\t<div class=\"elementor-button-wrapper\">\n\t\t\t\t\t<a class=\"elementor-button elementor-button-link elementor-size-sm\" href=\"https:\/\/acha-ardres.fr\/?page_id=4534\">\n\t\t\t\t\t\t<span class=\"elementor-button-content-wrapper\">\n\t\t\t\t\t\t\t\t\t<span class=\"elementor-button-text\">Sommaire visites JEP<\/span>\n\t\t\t\t\t<\/span>\n\t\t\t\t\t<\/a>\n\t\t\t\t<\/div>\n\t\t\t\t\t\t\t\t<\/div>\n\t\t\t\t<\/div>\n\t\t\t\t\t<\/div>\n\t\t\t\t<\/div>\n\t\t<div class=\"elementor-element elementor-element-b973c7a e-flex e-con-boxed e-con e-parent\" data-id=\"b973c7a\" data-element_type=\"container\" data-e-type=\"container\">\n\t\t\t\t\t<div class=\"e-con-inner\">\n\t\t\t\t<div class=\"elementor-element elementor-element-f249fa3 elementor-widget elementor-widget-copyright\" data-id=\"f249fa3\" data-element_type=\"widget\" data-e-type=\"widget\" data-widget_type=\"copyright.default\">\n\t\t\t\t<div class=\"elementor-widget-container\">\n\t\t\t\t\t\t\t<div class=\"hfe-copyright-wrapper\">\n\t\t\t\t\t\t\t<span>Copyright \u00a9 2026  A C H A   |  Textes : Francine Thorel.<\/span>\n\t\t\t\t\t<\/div>\n\t\t\t\t\t\t<\/div>\n\t\t\t\t<\/div>\n\t\t\t\t\t<\/div>\n\t\t\t\t<\/div>\n\t\t<div class=\"elementor-element elementor-element-76b2d64 e-flex e-con-boxed e-con e-parent\" data-id=\"76b2d64\" data-element_type=\"container\" data-e-type=\"container\">\n\t\t\t\t\t<div class=\"e-con-inner\">\n\t\t\t\t<div class=\"elementor-element elementor-element-d90696f elementor-widget elementor-widget-site-logo\" data-id=\"d90696f\" data-element_type=\"widget\" data-e-type=\"widget\" data-settings=\"{&quot;align&quot;:&quot;center&quot;,&quot;width&quot;:{&quot;unit&quot;:&quot;%&quot;,&quot;size&quot;:&quot;&quot;,&quot;sizes&quot;:[]},&quot;width_tablet&quot;:{&quot;unit&quot;:&quot;%&quot;,&quot;size&quot;:&quot;&quot;,&quot;sizes&quot;:[]},&quot;width_mobile&quot;:{&quot;unit&quot;:&quot;%&quot;,&quot;size&quot;:&quot;&quot;,&quot;sizes&quot;:[]},&quot;space&quot;:{&quot;unit&quot;:&quot;%&quot;,&quot;size&quot;:&quot;&quot;,&quot;sizes&quot;:[]},&quot;space_tablet&quot;:{&quot;unit&quot;:&quot;%&quot;,&quot;size&quot;:&quot;&quot;,&quot;sizes&quot;:[]},&quot;space_mobile&quot;:{&quot;unit&quot;:&quot;%&quot;,&quot;size&quot;:&quot;&quot;,&quot;sizes&quot;:[]},&quot;image_border_radius&quot;:{&quot;unit&quot;:&quot;px&quot;,&quot;top&quot;:&quot;&quot;,&quot;right&quot;:&quot;&quot;,&quot;bottom&quot;:&quot;&quot;,&quot;left&quot;:&quot;&quot;,&quot;isLinked&quot;:true},&quot;image_border_radius_tablet&quot;:{&quot;unit&quot;:&quot;px&quot;,&quot;top&quot;:&quot;&quot;,&quot;right&quot;:&quot;&quot;,&quot;bottom&quot;:&quot;&quot;,&quot;left&quot;:&quot;&quot;,&quot;isLinked&quot;:true},&quot;image_border_radius_mobile&quot;:{&quot;unit&quot;:&quot;px&quot;,&quot;top&quot;:&quot;&quot;,&quot;right&quot;:&quot;&quot;,&quot;bottom&quot;:&quot;&quot;,&quot;left&quot;:&quot;&quot;,&quot;isLinked&quot;:true},&quot;caption_padding&quot;:{&quot;unit&quot;:&quot;px&quot;,&quot;top&quot;:&quot;&quot;,&quot;right&quot;:&quot;&quot;,&quot;bottom&quot;:&quot;&quot;,&quot;left&quot;:&quot;&quot;,&quot;isLinked&quot;:true},&quot;caption_padding_tablet&quot;:{&quot;unit&quot;:&quot;px&quot;,&quot;top&quot;:&quot;&quot;,&quot;right&quot;:&quot;&quot;,&quot;bottom&quot;:&quot;&quot;,&quot;left&quot;:&quot;&quot;,&quot;isLinked&quot;:true},&quot;caption_padding_mobile&quot;:{&quot;unit&quot;:&quot;px&quot;,&quot;top&quot;:&quot;&quot;,&quot;right&quot;:&quot;&quot;,&quot;bottom&quot;:&quot;&quot;,&quot;left&quot;:&quot;&quot;,&quot;isLinked&quot;:true},&quot;caption_space&quot;:{&quot;unit&quot;:&quot;px&quot;,&quot;size&quot;:0,&quot;sizes&quot;:[]},&quot;caption_space_tablet&quot;:{&quot;unit&quot;:&quot;px&quot;,&quot;size&quot;:&quot;&quot;,&quot;sizes&quot;:[]},&quot;caption_space_mobile&quot;:{&quot;unit&quot;:&quot;px&quot;,&quot;size&quot;:&quot;&quot;,&quot;sizes&quot;:[]}}\" data-widget_type=\"site-logo.default\">\n\t\t\t\t<div class=\"elementor-widget-container\">\n\t\t\t\t\t\t\t<div class=\"hfe-site-logo\">\n\t\t\t\t\t\t\t\t\t\t\t\t\t<a data-elementor-open-lightbox=\"\"  class='elementor-clickable' href=\"https:\/\/acha-ardres.fr\">\n\t\t\t\t\t\t\t<div class=\"hfe-site-logo-set\">           \n\t\t\t\t<div class=\"hfe-site-logo-container\">\n\t\t\t\t\t\t\t\t\t<img decoding=\"async\" class=\"hfe-site-logo-img elementor-animation-\"  src=\"https:\/\/acha-ardres.fr\/wp-content\/uploads\/2024\/02\/logo-officiel2010-bordeau_ok_half_rotation_small-300x201.jpg\" alt=\"logo officiel2010 bordeau_ok_half_rotation_small\"\/>\n\t\t\t\t<\/div>\n\t\t\t<\/div>\n\t\t\t\t\t\t\t<\/a>\n\t\t\t\t\t\t<\/div>  \n\t\t\t\t\t\t\t<\/div>\n\t\t\t\t<\/div>\n\t\t\t\t\t<\/div>\n\t\t\t\t<\/div>\n\t\t\t\t<\/div>\n\t\t","protected":false},"excerpt":{"rendered":"<p>Circuit \u00ab Houill\u00e8res d\u2019hier dans la Boutonni\u00e8re \u00bb du 17 septembre 2017. La premi\u00e8re \u00e9tape nous a amen\u00e9s \u00e0 Campagne-l\u00e8s-Gu\u00eenes : Ce village entre plaine [&#8230;]<\/p>\n","protected":false},"author":3,"featured_media":0,"parent":0,"menu_order":0,"comment_status":"closed","ping_status":"closed","template":"","meta":{"footnotes":""},"class_list":["post-2448","page","type-page","status-publish","hentry"],"_links":{"self":[{"href":"https:\/\/acha-ardres.fr\/index.php?rest_route=\/wp\/v2\/pages\/2448","targetHints":{"allow":["GET"]}}],"collection":[{"href":"https:\/\/acha-ardres.fr\/index.php?rest_route=\/wp\/v2\/pages"}],"about":[{"href":"https:\/\/acha-ardres.fr\/index.php?rest_route=\/wp\/v2\/types\/page"}],"author":[{"embeddable":true,"href":"https:\/\/acha-ardres.fr\/index.php?rest_route=\/wp\/v2\/users\/3"}],"replies":[{"embeddable":true,"href":"https:\/\/acha-ardres.fr\/index.php?rest_route=%2Fwp%2Fv2%2Fcomments&post=2448"}],"version-history":[{"count":0,"href":"https:\/\/acha-ardres.fr\/index.php?rest_route=\/wp\/v2\/pages\/2448\/revisions"}],"wp:attachment":[{"href":"https:\/\/acha-ardres.fr\/index.php?rest_route=%2Fwp%2Fv2%2Fmedia&parent=2448"}],"curies":[{"name":"wp","href":"https:\/\/api.w.org\/{rel}","templated":true}]}}